{"id":4056,"date":"2024-03-08T17:29:02","date_gmt":"2024-03-08T17:29:02","guid":{"rendered":"https:\/\/clusterhabitat.pt\/associado\/universidade-lusiada-de-lisboa\/"},"modified":"2024-04-30T11:09:44","modified_gmt":"2024-04-30T11:09:44","slug":"universidade-lusiada-de-lisboa","status":"publish","type":"associado","link":"https:\/\/clusterhabitat.pt\/en\/associado\/universidade-lusiada-de-lisboa\/","title":{"rendered":"Universidade Lus\u00edada de Lisboa"},"content":{"rendered":"<p>[vc_row el_class=&#8221;page-intro paleGrey&#8221;][vc_column][vc_column_text el_class=&#8221;pageTitle&#8221;]<\/p>\n<h1 class=\"page-title\">Universidade Lus\u00edada<\/h1>\n<h1 class=\"page-title\">de Lisboa<\/h1>\n<p>[\/vc_column_text][vc_column_text][\/vc_column_text][vc_column_text el_class=&#8221;pageBreadcrumbs&#8221;]<div class=\"breadcrumbsWrapper\">\n\t\t\t\t<a class=\"breadcrumbLink\" href=https:\/\/clusterhabitat.pt\/en\/>Homepage<\/a><span class=\"breadcrumbBall\"><\/span><a href=\"https:\/\/clusterhabitat.pt\/en\/\/associados\/\">Associates<\/a><span class=\"breadcrumbBall breadcrumbActive\"><\/span><a class=\"breadcrumbLink breadcrumbActive\" href=https:\/\/clusterhabitat.pt\/en\/associado\/universidade-lusiada-de-lisboa\/>Universidade Lus\u00edada de Lisboa<\/a><\/div>[\/vc_column_text][\/vc_column][\/vc_row][vc_row el_class=&#8221;page-margins detail-middle-content&#8221;][vc_column width=&#8221;2\/12&#8243; el_class=&#8221;detail-middle-logo&#8221;][vc_single_image image=&#8221;2250&#8243; img_size=&#8221;medium&#8221; alignment=&#8221;center&#8221;][\/vc_column][vc_column width=&#8221;8\/12&#8243; el_class=&#8221;associados-middle detail-middle-text&#8221;][vc_column_text]<\/p>\n<div class=\"field field-name-field-link field-type-link-field field-label-hidden\">\n<div class=\"field-items\">\n<p class=\"field-item even\">With over 25 years of existence, Funda\u00e7\u00e3o Minerva\/Universidades Lusiada is proud of this national and international dimension, of the prestige attained and especially of its contribution to the country in the university education given to a significant part of its youth.<\/p>\n<\/div>\n<\/div>\n<div class=\"field field-name-field-descricao field-type-text-long field-label-hidden\">\n<div class=\"field-items\">\n<div class=\"field-item even\">\n<p class=\"rtejustify\">The more than 25.000 graduates who, at the national level, have obtained their higher education, performing today, the most diverse areas of fundamental role in the cultural, economic and social development of the country.<\/p>\n<p class=\"rtejustify\">mong the seven research centres, CITAD (Centro de Investiga\u00e7\u00e3o em Territ\u00f3rio, Arquitectura e Design) distinguishes itself at the Faculdade de Arquitectura e Artes, with 161 researchers and is composed of 4 research groups: Technologies of Architecture, Architecture and Urbanism, Territory, City and Design and Theory, History and Interdisciplinary Contemporary Thought.<\/p>\n<p class=\"rtejustify\">These 4 groups integrate projects related to territory, Architecture, Technologies history and Design, taking into account the theme of sustainability in all areas of research.<\/p>\n<\/div>\n<\/div>\n<\/div>\n<p>[\/vc_column_text][vc_row_inner el_class=&#8221;associados-middle-smallImgs&#8221;][vc_column_inner][\/vc_column_inner][\/vc_row_inner][\/vc_column][vc_column width=&#8221;2\/12&#8243;][\/vc_column][\/vc_row][vc_row el_class=&#8221;detail-associado-solucoes&#8221;][vc_column][vc_custom_heading text=&#8221;The Solutions&#8221; font_container=&#8221;tag:h6|text_align:center&#8221; use_theme_fonts=&#8221;yes&#8221; el_class=&#8221;titulo-redondo&#8221;][vc_custom_heading text=&#8221;Solutions from this associate&#8221; font_container=&#8221;tag:p|text_align:center&#8221; use_theme_fonts=&#8221;yes&#8221; el_class=&#8221;smallTitulo&#8221;][vc_column_text]<div class=\"wrapperSlideSolucoesAssociado\"><div class=\"notslideshow-SolucoesAssociado vazio\">This associate doesn't have any solutions.<\/div><\/div>[\/vc_column_text][\/vc_column][\/vc_row][vc_row el_class=&#8221;adesao-cluster associado-website&#8221;][vc_column][vc_single_image image=&#8221;2250&#8243; img_size=&#8221;medium&#8221; el_class=&#8221;associado-website-logo&#8221;][vc_custom_heading text=&#8221;Universidade Lus\u00edada de Lisboa seeks to train men and women with a strong sense of citizenship, committed to ethical values.&#8221; font_container=&#8221;tag:p|text_align:left&#8221; use_theme_fonts=&#8221;yes&#8221;][vc_btn title=&#8221;Visit website&#8221; link=&#8221;url:http%3A%2F%2Fwww.lis.ulusiada.pt%2F|target:_blank|&#8221;][vc_single_image image=&#8221;538&#8243; img_size=&#8221;full&#8221; el_class=&#8221;associado-swish&#8221;][\/vc_column][\/vc_row][vc_row][vc_column][vc_empty_space height=&#8221;700px&#8221; el_class=&#8221;dots-bottom-img big&#8221; css=&#8221;.vc_custom_1707219951681{background-image: url(https:\/\/clusterhabitat.pt\/wp-content\/uploads\/2024\/02\/Dots-1_new.png?id=537) !important;}&#8221;][\/vc_column][\/vc_row]<\/p>\n","protected":false},"featured_media":2251,"template":"","tipo_associado":[61],"class_list":["post-4056","associado","type-associado","status-publish","has-post-thumbnail","hentry","tipo_associado-rd-centres"],"yoast_head":"<!-- This site is optimized with the Yoast SEO plugin v27.5 - https:\/\/yoast.com\/product\/yoast-seo-wordpress\/ -->\n<title>Universidade Lus\u00edada de Lisboa - Cluster Habitat Sustent\u00e1vel<\/title>\n<meta name=\"robots\" content=\"index, follow, max-snippet:-1, max-image-preview:large, max-video-preview:-1\" \/>\n<link rel=\"canonical\" href=\"https:\/\/clusterhabitat.pt\/en\/associado\/universidade-lusiada-de-lisboa\/\" \/>\n<meta property=\"og:locale\" content=\"en_US\" \/>\n<meta property=\"og:type\" content=\"article\" \/>\n<meta property=\"og:title\" content=\"Universidade Lus\u00edada de Lisboa - Cluster Habitat Sustent\u00e1vel\" \/>\n<meta property=\"og:description\" content=\"[vc_row el_class=&#8221;page-intro paleGrey&#8221;][vc_column][vc_column_text el_class=&#8221;pageTitle&#8221;] Universidade Lus\u00edada de Lisboa [\/vc_column_text][vc_column_text][\/vc_column_text][vc_column_text el_class=&#8221;pageBreadcrumbs&#8221;][\/vc_column_text][\/vc_column][\/vc_row][vc_row el_class=&#8221;page-margins detail-middle-content&#8221;][vc_column width=&#8221;2\/12&#8243; el_class=&#8221;detail-middle-logo&#8221;][vc_single_image image=&#8221;2250&#8243; img_size=&#8221;medium&#8221; alignment=&#8221;center&#8221;][\/vc_column][vc_column width=&#8221;8\/12&#8243; el_class=&#8221;associados-middle detail-middle-text&#8221;][vc_column_text] With over 25 years of existence, Funda\u00e7\u00e3o Minerva\/Universidades Lusiada is proud of this national and international dimension, of the prestige attained and especially of its contribution to the country in the university education given to [&hellip;]\" \/>\n<meta property=\"og:url\" content=\"https:\/\/clusterhabitat.pt\/en\/associado\/universidade-lusiada-de-lisboa\/\" \/>\n<meta property=\"og:site_name\" content=\"Cluster Habitat Sustent\u00e1vel\" \/>\n<meta property=\"article:publisher\" content=\"https:\/\/www.facebook.com\/clusterhabitat\" \/>\n<meta property=\"article:modified_time\" content=\"2024-04-30T11:09:44+00:00\" \/>\n<meta property=\"og:image\" content=\"https:\/\/clusterhabitat.pt\/wp-content\/uploads\/2024\/03\/uni-lusiada-01.png\" \/>\n\t<meta property=\"og:image:width\" content=\"900\" \/>\n\t<meta property=\"og:image:height\" content=\"700\" \/>\n\t<meta property=\"og:image:type\" content=\"image\/png\" \/>\n<meta name=\"twitter:card\" content=\"summary_large_image\" \/>\n<meta name=\"twitter:site\" content=\"@ClusterHabitat\" \/>\n<meta name=\"twitter:label1\" content=\"Est. reading time\" \/>\n\t<meta name=\"twitter:data1\" content=\"2 minutes\" \/>\n<script type=\"application\/ld+json\" class=\"yoast-schema-graph\">{\"@context\":\"https:\\\/\\\/schema.org\",\"@graph\":[{\"@type\":\"WebPage\",\"@id\":\"https:\\\/\\\/clusterhabitat.pt\\\/en\\\/associado\\\/universidade-lusiada-de-lisboa\\\/\",\"url\":\"https:\\\/\\\/clusterhabitat.pt\\\/en\\\/associado\\\/universidade-lusiada-de-lisboa\\\/\",\"name\":\"Universidade Lus\u00edada de Lisboa - Cluster Habitat Sustent\u00e1vel\",\"isPartOf\":{\"@id\":\"https:\\\/\\\/clusterhabitat.pt\\\/#website\"},\"primaryImageOfPage\":{\"@id\":\"https:\\\/\\\/clusterhabitat.pt\\\/en\\\/associado\\\/universidade-lusiada-de-lisboa\\\/#primaryimage\"},\"image\":{\"@id\":\"https:\\\/\\\/clusterhabitat.pt\\\/en\\\/associado\\\/universidade-lusiada-de-lisboa\\\/#primaryimage\"},\"thumbnailUrl\":\"https:\\\/\\\/clusterhabitat.pt\\\/wp-content\\\/uploads\\\/2024\\\/03\\\/uni-lusiada-01.png\",\"datePublished\":\"2024-03-08T17:29:02+00:00\",\"dateModified\":\"2024-04-30T11:09:44+00:00\",\"breadcrumb\":{\"@id\":\"https:\\\/\\\/clusterhabitat.pt\\\/en\\\/associado\\\/universidade-lusiada-de-lisboa\\\/#breadcrumb\"},\"inLanguage\":\"en-US\",\"potentialAction\":[{\"@type\":\"ReadAction\",\"target\":[\"https:\\\/\\\/clusterhabitat.pt\\\/en\\\/associado\\\/universidade-lusiada-de-lisboa\\\/\"]}]},{\"@type\":\"ImageObject\",\"inLanguage\":\"en-US\",\"@id\":\"https:\\\/\\\/clusterhabitat.pt\\\/en\\\/associado\\\/universidade-lusiada-de-lisboa\\\/#primaryimage\",\"url\":\"https:\\\/\\\/clusterhabitat.pt\\\/wp-content\\\/uploads\\\/2024\\\/03\\\/uni-lusiada-01.png\",\"contentUrl\":\"https:\\\/\\\/clusterhabitat.pt\\\/wp-content\\\/uploads\\\/2024\\\/03\\\/uni-lusiada-01.png\",\"width\":900,\"height\":700},{\"@type\":\"BreadcrumbList\",\"@id\":\"https:\\\/\\\/clusterhabitat.pt\\\/en\\\/associado\\\/universidade-lusiada-de-lisboa\\\/#breadcrumb\",\"itemListElement\":[{\"@type\":\"ListItem\",\"position\":1,\"name\":\"In\u00edcio\",\"item\":\"https:\\\/\\\/clusterhabitat.pt\\\/en\\\/\"},{\"@type\":\"ListItem\",\"position\":2,\"name\":\"Universidade Lus\u00edada de Lisboa\"}]},{\"@type\":\"WebSite\",\"@id\":\"https:\\\/\\\/clusterhabitat.pt\\\/#website\",\"url\":\"https:\\\/\\\/clusterhabitat.pt\\\/\",\"name\":\"Cluster Habitat Sustent\u00e1vel\",\"description\":\"\",\"publisher\":{\"@id\":\"https:\\\/\\\/clusterhabitat.pt\\\/#organization\"},\"potentialAction\":[{\"@type\":\"SearchAction\",\"target\":{\"@type\":\"EntryPoint\",\"urlTemplate\":\"https:\\\/\\\/clusterhabitat.pt\\\/?s={search_term_string}\"},\"query-input\":{\"@type\":\"PropertyValueSpecification\",\"valueRequired\":true,\"valueName\":\"search_term_string\"}}],\"inLanguage\":\"en-US\"},{\"@type\":\"Organization\",\"@id\":\"https:\\\/\\\/clusterhabitat.pt\\\/#organization\",\"name\":\"Cluster Habitat Sustent\u00e1vel\",\"url\":\"https:\\\/\\\/clusterhabitat.pt\\\/\",\"logo\":{\"@type\":\"ImageObject\",\"inLanguage\":\"en-US\",\"@id\":\"https:\\\/\\\/clusterhabitat.pt\\\/#\\\/schema\\\/logo\\\/image\\\/\",\"url\":\"https:\\\/\\\/clusterhabitat.pt\\\/wp-content\\\/uploads\\\/2024\\\/01\\\/cropped-Cluster-Logo.png\",\"contentUrl\":\"https:\\\/\\\/clusterhabitat.pt\\\/wp-content\\\/uploads\\\/2024\\\/01\\\/cropped-Cluster-Logo.png\",\"width\":203,\"height\":40,\"caption\":\"Cluster Habitat Sustent\u00e1vel\"},\"image\":{\"@id\":\"https:\\\/\\\/clusterhabitat.pt\\\/#\\\/schema\\\/logo\\\/image\\\/\"},\"sameAs\":[\"https:\\\/\\\/www.facebook.com\\\/clusterhabitat\",\"https:\\\/\\\/x.com\\\/ClusterHabitat\",\"https:\\\/\\\/www.linkedin.com\\\/company\\\/associao-plataforma-para-a-construo-sustentvel\\\/\"]}]}<\/script>\n<!-- \/ Yoast SEO plugin. -->","yoast_head_json":{"title":"Universidade Lus\u00edada de Lisboa - Cluster Habitat Sustent\u00e1vel","robots":{"index":"index","follow":"follow","max-snippet":"max-snippet:-1","max-image-preview":"max-image-preview:large","max-video-preview":"max-video-preview:-1"},"canonical":"https:\/\/clusterhabitat.pt\/en\/associado\/universidade-lusiada-de-lisboa\/","og_locale":"en_US","og_type":"article","og_title":"Universidade Lus\u00edada de Lisboa - Cluster Habitat Sustent\u00e1vel","og_description":"[vc_row el_class=&#8221;page-intro paleGrey&#8221;][vc_column][vc_column_text el_class=&#8221;pageTitle&#8221;] Universidade Lus\u00edada de Lisboa [\/vc_column_text][vc_column_text][\/vc_column_text][vc_column_text el_class=&#8221;pageBreadcrumbs&#8221;][\/vc_column_text][\/vc_column][\/vc_row][vc_row el_class=&#8221;page-margins detail-middle-content&#8221;][vc_column width=&#8221;2\/12&#8243; el_class=&#8221;detail-middle-logo&#8221;][vc_single_image image=&#8221;2250&#8243; img_size=&#8221;medium&#8221; alignment=&#8221;center&#8221;][\/vc_column][vc_column width=&#8221;8\/12&#8243; el_class=&#8221;associados-middle detail-middle-text&#8221;][vc_column_text] With over 25 years of existence, Funda\u00e7\u00e3o Minerva\/Universidades Lusiada is proud of this national and international dimension, of the prestige attained and especially of its contribution to the country in the university education given to [&hellip;]","og_url":"https:\/\/clusterhabitat.pt\/en\/associado\/universidade-lusiada-de-lisboa\/","og_site_name":"Cluster Habitat Sustent\u00e1vel","article_publisher":"https:\/\/www.facebook.com\/clusterhabitat","article_modified_time":"2024-04-30T11:09:44+00:00","og_image":[{"width":900,"height":700,"url":"https:\/\/clusterhabitat.pt\/wp-content\/uploads\/2024\/03\/uni-lusiada-01.png","type":"image\/png"}],"twitter_card":"summary_large_image","twitter_site":"@ClusterHabitat","twitter_misc":{"Est. reading time":"2 minutes"},"schema":{"@context":"https:\/\/schema.org","@graph":[{"@type":"WebPage","@id":"https:\/\/clusterhabitat.pt\/en\/associado\/universidade-lusiada-de-lisboa\/","url":"https:\/\/clusterhabitat.pt\/en\/associado\/universidade-lusiada-de-lisboa\/","name":"Universidade Lus\u00edada de Lisboa - Cluster Habitat Sustent\u00e1vel","isPartOf":{"@id":"https:\/\/clusterhabitat.pt\/#website"},"primaryImageOfPage":{"@id":"https:\/\/clusterhabitat.pt\/en\/associado\/universidade-lusiada-de-lisboa\/#primaryimage"},"image":{"@id":"https:\/\/clusterhabitat.pt\/en\/associado\/universidade-lusiada-de-lisboa\/#primaryimage"},"thumbnailUrl":"https:\/\/clusterhabitat.pt\/wp-content\/uploads\/2024\/03\/uni-lusiada-01.png","datePublished":"2024-03-08T17:29:02+00:00","dateModified":"2024-04-30T11:09:44+00:00","breadcrumb":{"@id":"https:\/\/clusterhabitat.pt\/en\/associado\/universidade-lusiada-de-lisboa\/#breadcrumb"},"inLanguage":"en-US","potentialAction":[{"@type":"ReadAction","target":["https:\/\/clusterhabitat.pt\/en\/associado\/universidade-lusiada-de-lisboa\/"]}]},{"@type":"ImageObject","inLanguage":"en-US","@id":"https:\/\/clusterhabitat.pt\/en\/associado\/universidade-lusiada-de-lisboa\/#primaryimage","url":"https:\/\/clusterhabitat.pt\/wp-content\/uploads\/2024\/03\/uni-lusiada-01.png","contentUrl":"https:\/\/clusterhabitat.pt\/wp-content\/uploads\/2024\/03\/uni-lusiada-01.png","width":900,"height":700},{"@type":"BreadcrumbList","@id":"https:\/\/clusterhabitat.pt\/en\/associado\/universidade-lusiada-de-lisboa\/#breadcrumb","itemListElement":[{"@type":"ListItem","position":1,"name":"In\u00edcio","item":"https:\/\/clusterhabitat.pt\/en\/"},{"@type":"ListItem","position":2,"name":"Universidade Lus\u00edada de Lisboa"}]},{"@type":"WebSite","@id":"https:\/\/clusterhabitat.pt\/#website","url":"https:\/\/clusterhabitat.pt\/","name":"Cluster Habitat Sustent\u00e1vel","description":"","publisher":{"@id":"https:\/\/clusterhabitat.pt\/#organization"},"potentialAction":[{"@type":"SearchAction","target":{"@type":"EntryPoint","urlTemplate":"https:\/\/clusterhabitat.pt\/?s={search_term_string}"},"query-input":{"@type":"PropertyValueSpecification","valueRequired":true,"valueName":"search_term_string"}}],"inLanguage":"en-US"},{"@type":"Organization","@id":"https:\/\/clusterhabitat.pt\/#organization","name":"Cluster Habitat Sustent\u00e1vel","url":"https:\/\/clusterhabitat.pt\/","logo":{"@type":"ImageObject","inLanguage":"en-US","@id":"https:\/\/clusterhabitat.pt\/#\/schema\/logo\/image\/","url":"https:\/\/clusterhabitat.pt\/wp-content\/uploads\/2024\/01\/cropped-Cluster-Logo.png","contentUrl":"https:\/\/clusterhabitat.pt\/wp-content\/uploads\/2024\/01\/cropped-Cluster-Logo.png","width":203,"height":40,"caption":"Cluster Habitat Sustent\u00e1vel"},"image":{"@id":"https:\/\/clusterhabitat.pt\/#\/schema\/logo\/image\/"},"sameAs":["https:\/\/www.facebook.com\/clusterhabitat","https:\/\/x.com\/ClusterHabitat","https:\/\/www.linkedin.com\/company\/associao-plataforma-para-a-construo-sustentvel\/"]}]}},"_links":{"self":[{"href":"https:\/\/clusterhabitat.pt\/en\/wp-json\/wp\/v2\/associado\/4056","targetHints":{"allow":["GET"]}}],"collection":[{"href":"https:\/\/clusterhabitat.pt\/en\/wp-json\/wp\/v2\/associado"}],"about":[{"href":"https:\/\/clusterhabitat.pt\/en\/wp-json\/wp\/v2\/types\/associado"}],"wp:featuredmedia":[{"embeddable":true,"href":"https:\/\/clusterhabitat.pt\/en\/wp-json\/wp\/v2\/media\/2251"}],"wp:attachment":[{"href":"https:\/\/clusterhabitat.pt\/en\/wp-json\/wp\/v2\/media?parent=4056"}],"wp:term":[{"taxonomy":"tipo_associado","embeddable":true,"href":"https:\/\/clusterhabitat.pt\/en\/wp-json\/wp\/v2\/tipo_associado?post=4056"}],"curies":[{"name":"wp","href":"https:\/\/api.w.org\/{rel}","templated":true}]}}