{"id":4293,"date":"2024-03-08T15:53:35","date_gmt":"2024-03-08T15:53:35","guid":{"rendered":"https:\/\/clusterhabitat.pt\/associado\/solar-plus\/"},"modified":"2024-04-30T11:13:19","modified_gmt":"2024-04-30T11:13:19","slug":"solar-plus","status":"publish","type":"associado","link":"https:\/\/clusterhabitat.pt\/en\/associado\/solar-plus\/","title":{"rendered":"Solar Plus"},"content":{"rendered":"<p>[vc_row el_class=&#8221;page-intro paleGrey&#8221;][vc_column][vc_column_text el_class=&#8221;pageTitle&#8221;]<\/p>\n<h1 class=\"page-title\">Solar Plus<\/h1>\n<p>[\/vc_column_text][vc_column_text]Produ\u00e7\u00e3o de Pain\u00e9is Solares[\/vc_column_text][vc_column_text el_class=&#8221;pageBreadcrumbs&#8221;]<div class=\"breadcrumbsWrapper\">\n\t\t\t\t<a class=\"breadcrumbLink\" href=https:\/\/clusterhabitat.pt\/en\/>Homepage<\/a><span class=\"breadcrumbBall\"><\/span><a href=\"https:\/\/clusterhabitat.pt\/en\/\/associados\/\">Associates<\/a><span class=\"breadcrumbBall breadcrumbActive\"><\/span><a class=\"breadcrumbLink breadcrumbActive\" href=https:\/\/clusterhabitat.pt\/en\/associado\/solar-plus\/>Solar Plus<\/a><\/div>[\/vc_column_text][\/vc_column][\/vc_row][vc_row el_class=&#8221;page-margins detail-middle-content&#8221;][vc_column width=&#8221;2\/12&#8243; el_class=&#8221;detail-middle-logo&#8221;][vc_single_image image=&#8221;2190&#8243; img_size=&#8221;medium&#8221; alignment=&#8221;center&#8221;][\/vc_column][vc_column width=&#8221;8\/12&#8243; el_class=&#8221;associados-middle detail-middle-text&#8221;][vc_column_text]<\/p>\n<div class=\"field field-name-field-link field-type-link-field field-label-hidden\">\n<div class=\"field-items\">\n<p class=\"field-item even\">Founded in 2005 and with the start of its activity in 2008, Solar Plus has a clear position in the renewable energy sector, focusing its activities on the development, production and commercialization of solar photovoltaic panels.<\/p>\n<\/div>\n<\/div>\n<div class=\"field field-name-field-descricao field-type-text-long field-label-hidden\">\n<div class=\"field-items\">\n<div class=\"field-item even\">\n<p class=\"rtejustify\">An industrial project created from the root, totally vertical and autonomous, which integrates in the same industrial unit all stages of the production process of photovoltaic solar modules in amorphous silicon (a-Si), corresponding to the most advanced and sophisticated technology in the market.<\/p>\n<\/div>\n<\/div>\n<\/div>\n<p>[\/vc_column_text][vc_row_inner el_class=&#8221;associados-middle-smallImgs&#8221;][vc_column_inner][\/vc_column_inner][\/vc_row_inner][\/vc_column][vc_column width=&#8221;2\/12&#8243;][\/vc_column][\/vc_row][vc_row el_class=&#8221;detail-associado-solucoes&#8221;][vc_column][vc_custom_heading text=&#8221;The Solutions&#8221; font_container=&#8221;tag:h6|text_align:center&#8221; use_theme_fonts=&#8221;yes&#8221; el_class=&#8221;titulo-redondo&#8221;][vc_custom_heading text=&#8221;Solutions from this associate&#8221; font_container=&#8221;tag:p|text_align:center&#8221; use_theme_fonts=&#8221;yes&#8221; el_class=&#8221;smallTitulo&#8221;][vc_column_text]<div class=\"wrapperSlideSolucoesAssociado\"><div class=\"notslideshow-SolucoesAssociado vazio\">This associate doesn't have any solutions.<\/div><\/div>[\/vc_column_text][\/vc_column][\/vc_row][vc_row el_class=&#8221;adesao-cluster associado-website&#8221;][vc_column][vc_single_image image=&#8221;2190&#8243; img_size=&#8221;medium&#8221; el_class=&#8221;associado-website-logo&#8221;][vc_custom_heading text=&#8221;Solar Plus operates in the renewable energy sector.&#8221; font_container=&#8221;tag:p|text_align:left&#8221; use_theme_fonts=&#8221;yes&#8221;][vc_btn title=&#8221;Visit website&#8221; link=&#8221;url:http%3A%2F%2Fwww.solarplus.pt%2F|target:_blank|&#8221;][vc_single_image image=&#8221;538&#8243; img_size=&#8221;full&#8221; el_class=&#8221;associado-swish&#8221;][\/vc_column][\/vc_row][vc_row][vc_column][vc_empty_space height=&#8221;700px&#8221; el_class=&#8221;dots-bottom-img big&#8221; css=&#8221;.vc_custom_1707219951681{background-image: url(https:\/\/clusterhabitat.pt\/wp-content\/uploads\/2024\/02\/Dots-1_new.png?id=537) !important;}&#8221;][\/vc_column][\/vc_row]<\/p>\n","protected":false},"featured_media":2191,"template":"","tipo_associado":[49],"class_list":["post-4293","associado","type-associado","status-publish","has-post-thumbnail","hentry","tipo_associado-companies"],"yoast_head":"<!-- This site is optimized with the Yoast SEO plugin v27.5 - https:\/\/yoast.com\/product\/yoast-seo-wordpress\/ -->\n<title>Solar Plus - Cluster Habitat Sustent\u00e1vel<\/title>\n<meta name=\"robots\" content=\"index, follow, max-snippet:-1, max-image-preview:large, max-video-preview:-1\" \/>\n<link rel=\"canonical\" href=\"https:\/\/clusterhabitat.pt\/en\/associado\/solar-plus\/\" \/>\n<meta property=\"og:locale\" content=\"en_US\" \/>\n<meta property=\"og:type\" content=\"article\" \/>\n<meta property=\"og:title\" content=\"Solar Plus - Cluster Habitat Sustent\u00e1vel\" \/>\n<meta property=\"og:description\" content=\"[vc_row el_class=&#8221;page-intro paleGrey&#8221;][vc_column][vc_column_text el_class=&#8221;pageTitle&#8221;] Solar Plus [\/vc_column_text][vc_column_text]Produ\u00e7\u00e3o de Pain\u00e9is Solares[\/vc_column_text][vc_column_text el_class=&#8221;pageBreadcrumbs&#8221;][\/vc_column_text][\/vc_column][\/vc_row][vc_row el_class=&#8221;page-margins detail-middle-content&#8221;][vc_column width=&#8221;2\/12&#8243; el_class=&#8221;detail-middle-logo&#8221;][vc_single_image image=&#8221;2190&#8243; img_size=&#8221;medium&#8221; alignment=&#8221;center&#8221;][\/vc_column][vc_column width=&#8221;8\/12&#8243; el_class=&#8221;associados-middle detail-middle-text&#8221;][vc_column_text] Founded in 2005 and with the start of its activity in 2008, Solar Plus has a clear position in the renewable energy sector, focusing its activities on the development, production and commercialization of solar [&hellip;]\" \/>\n<meta property=\"og:url\" content=\"https:\/\/clusterhabitat.pt\/en\/associado\/solar-plus\/\" \/>\n<meta property=\"og:site_name\" content=\"Cluster Habitat Sustent\u00e1vel\" \/>\n<meta property=\"article:publisher\" content=\"https:\/\/www.facebook.com\/clusterhabitat\" \/>\n<meta property=\"article:modified_time\" content=\"2024-04-30T11:13:19+00:00\" \/>\n<meta property=\"og:image\" content=\"https:\/\/clusterhabitat.pt\/wp-content\/uploads\/2024\/03\/Logo-SolarPlus.jpg\" \/>\n\t<meta property=\"og:image:width\" content=\"563\" \/>\n\t<meta property=\"og:image:height\" content=\"396\" \/>\n\t<meta property=\"og:image:type\" content=\"image\/jpeg\" \/>\n<meta name=\"twitter:card\" content=\"summary_large_image\" \/>\n<meta name=\"twitter:site\" content=\"@ClusterHabitat\" \/>\n<meta name=\"twitter:label1\" content=\"Est. reading time\" \/>\n\t<meta name=\"twitter:data1\" content=\"1 minute\" \/>\n<script type=\"application\/ld+json\" class=\"yoast-schema-graph\">{\"@context\":\"https:\\\/\\\/schema.org\",\"@graph\":[{\"@type\":\"WebPage\",\"@id\":\"https:\\\/\\\/clusterhabitat.pt\\\/en\\\/associado\\\/solar-plus\\\/\",\"url\":\"https:\\\/\\\/clusterhabitat.pt\\\/en\\\/associado\\\/solar-plus\\\/\",\"name\":\"Solar Plus - Cluster Habitat Sustent\u00e1vel\",\"isPartOf\":{\"@id\":\"https:\\\/\\\/clusterhabitat.pt\\\/#website\"},\"primaryImageOfPage\":{\"@id\":\"https:\\\/\\\/clusterhabitat.pt\\\/en\\\/associado\\\/solar-plus\\\/#primaryimage\"},\"image\":{\"@id\":\"https:\\\/\\\/clusterhabitat.pt\\\/en\\\/associado\\\/solar-plus\\\/#primaryimage\"},\"thumbnailUrl\":\"https:\\\/\\\/clusterhabitat.pt\\\/wp-content\\\/uploads\\\/2024\\\/03\\\/Logo-SolarPlus.jpg\",\"datePublished\":\"2024-03-08T15:53:35+00:00\",\"dateModified\":\"2024-04-30T11:13:19+00:00\",\"breadcrumb\":{\"@id\":\"https:\\\/\\\/clusterhabitat.pt\\\/en\\\/associado\\\/solar-plus\\\/#breadcrumb\"},\"inLanguage\":\"en-US\",\"potentialAction\":[{\"@type\":\"ReadAction\",\"target\":[\"https:\\\/\\\/clusterhabitat.pt\\\/en\\\/associado\\\/solar-plus\\\/\"]}]},{\"@type\":\"ImageObject\",\"inLanguage\":\"en-US\",\"@id\":\"https:\\\/\\\/clusterhabitat.pt\\\/en\\\/associado\\\/solar-plus\\\/#primaryimage\",\"url\":\"https:\\\/\\\/clusterhabitat.pt\\\/wp-content\\\/uploads\\\/2024\\\/03\\\/Logo-SolarPlus.jpg\",\"contentUrl\":\"https:\\\/\\\/clusterhabitat.pt\\\/wp-content\\\/uploads\\\/2024\\\/03\\\/Logo-SolarPlus.jpg\",\"width\":563,\"height\":396},{\"@type\":\"BreadcrumbList\",\"@id\":\"https:\\\/\\\/clusterhabitat.pt\\\/en\\\/associado\\\/solar-plus\\\/#breadcrumb\",\"itemListElement\":[{\"@type\":\"ListItem\",\"position\":1,\"name\":\"In\u00edcio\",\"item\":\"https:\\\/\\\/clusterhabitat.pt\\\/en\\\/\"},{\"@type\":\"ListItem\",\"position\":2,\"name\":\"Solar Plus\"}]},{\"@type\":\"WebSite\",\"@id\":\"https:\\\/\\\/clusterhabitat.pt\\\/#website\",\"url\":\"https:\\\/\\\/clusterhabitat.pt\\\/\",\"name\":\"Cluster Habitat Sustent\u00e1vel\",\"description\":\"\",\"publisher\":{\"@id\":\"https:\\\/\\\/clusterhabitat.pt\\\/#organization\"},\"potentialAction\":[{\"@type\":\"SearchAction\",\"target\":{\"@type\":\"EntryPoint\",\"urlTemplate\":\"https:\\\/\\\/clusterhabitat.pt\\\/?s={search_term_string}\"},\"query-input\":{\"@type\":\"PropertyValueSpecification\",\"valueRequired\":true,\"valueName\":\"search_term_string\"}}],\"inLanguage\":\"en-US\"},{\"@type\":\"Organization\",\"@id\":\"https:\\\/\\\/clusterhabitat.pt\\\/#organization\",\"name\":\"Cluster Habitat Sustent\u00e1vel\",\"url\":\"https:\\\/\\\/clusterhabitat.pt\\\/\",\"logo\":{\"@type\":\"ImageObject\",\"inLanguage\":\"en-US\",\"@id\":\"https:\\\/\\\/clusterhabitat.pt\\\/#\\\/schema\\\/logo\\\/image\\\/\",\"url\":\"https:\\\/\\\/clusterhabitat.pt\\\/wp-content\\\/uploads\\\/2024\\\/01\\\/cropped-Cluster-Logo.png\",\"contentUrl\":\"https:\\\/\\\/clusterhabitat.pt\\\/wp-content\\\/uploads\\\/2024\\\/01\\\/cropped-Cluster-Logo.png\",\"width\":203,\"height\":40,\"caption\":\"Cluster Habitat Sustent\u00e1vel\"},\"image\":{\"@id\":\"https:\\\/\\\/clusterhabitat.pt\\\/#\\\/schema\\\/logo\\\/image\\\/\"},\"sameAs\":[\"https:\\\/\\\/www.facebook.com\\\/clusterhabitat\",\"https:\\\/\\\/x.com\\\/ClusterHabitat\",\"https:\\\/\\\/www.linkedin.com\\\/company\\\/associao-plataforma-para-a-construo-sustentvel\\\/\"]}]}<\/script>\n<!-- \/ Yoast SEO plugin. -->","yoast_head_json":{"title":"Solar Plus - Cluster Habitat Sustent\u00e1vel","robots":{"index":"index","follow":"follow","max-snippet":"max-snippet:-1","max-image-preview":"max-image-preview:large","max-video-preview":"max-video-preview:-1"},"canonical":"https:\/\/clusterhabitat.pt\/en\/associado\/solar-plus\/","og_locale":"en_US","og_type":"article","og_title":"Solar Plus - Cluster Habitat Sustent\u00e1vel","og_description":"[vc_row el_class=&#8221;page-intro paleGrey&#8221;][vc_column][vc_column_text el_class=&#8221;pageTitle&#8221;] Solar Plus [\/vc_column_text][vc_column_text]Produ\u00e7\u00e3o de Pain\u00e9is Solares[\/vc_column_text][vc_column_text el_class=&#8221;pageBreadcrumbs&#8221;][\/vc_column_text][\/vc_column][\/vc_row][vc_row el_class=&#8221;page-margins detail-middle-content&#8221;][vc_column width=&#8221;2\/12&#8243; el_class=&#8221;detail-middle-logo&#8221;][vc_single_image image=&#8221;2190&#8243; img_size=&#8221;medium&#8221; alignment=&#8221;center&#8221;][\/vc_column][vc_column width=&#8221;8\/12&#8243; el_class=&#8221;associados-middle detail-middle-text&#8221;][vc_column_text] Founded in 2005 and with the start of its activity in 2008, Solar Plus has a clear position in the renewable energy sector, focusing its activities on the development, production and commercialization of solar [&hellip;]","og_url":"https:\/\/clusterhabitat.pt\/en\/associado\/solar-plus\/","og_site_name":"Cluster Habitat Sustent\u00e1vel","article_publisher":"https:\/\/www.facebook.com\/clusterhabitat","article_modified_time":"2024-04-30T11:13:19+00:00","og_image":[{"width":563,"height":396,"url":"https:\/\/clusterhabitat.pt\/wp-content\/uploads\/2024\/03\/Logo-SolarPlus.jpg","type":"image\/jpeg"}],"twitter_card":"summary_large_image","twitter_site":"@ClusterHabitat","twitter_misc":{"Est. reading time":"1 minute"},"schema":{"@context":"https:\/\/schema.org","@graph":[{"@type":"WebPage","@id":"https:\/\/clusterhabitat.pt\/en\/associado\/solar-plus\/","url":"https:\/\/clusterhabitat.pt\/en\/associado\/solar-plus\/","name":"Solar Plus - Cluster Habitat Sustent\u00e1vel","isPartOf":{"@id":"https:\/\/clusterhabitat.pt\/#website"},"primaryImageOfPage":{"@id":"https:\/\/clusterhabitat.pt\/en\/associado\/solar-plus\/#primaryimage"},"image":{"@id":"https:\/\/clusterhabitat.pt\/en\/associado\/solar-plus\/#primaryimage"},"thumbnailUrl":"https:\/\/clusterhabitat.pt\/wp-content\/uploads\/2024\/03\/Logo-SolarPlus.jpg","datePublished":"2024-03-08T15:53:35+00:00","dateModified":"2024-04-30T11:13:19+00:00","breadcrumb":{"@id":"https:\/\/clusterhabitat.pt\/en\/associado\/solar-plus\/#breadcrumb"},"inLanguage":"en-US","potentialAction":[{"@type":"ReadAction","target":["https:\/\/clusterhabitat.pt\/en\/associado\/solar-plus\/"]}]},{"@type":"ImageObject","inLanguage":"en-US","@id":"https:\/\/clusterhabitat.pt\/en\/associado\/solar-plus\/#primaryimage","url":"https:\/\/clusterhabitat.pt\/wp-content\/uploads\/2024\/03\/Logo-SolarPlus.jpg","contentUrl":"https:\/\/clusterhabitat.pt\/wp-content\/uploads\/2024\/03\/Logo-SolarPlus.jpg","width":563,"height":396},{"@type":"BreadcrumbList","@id":"https:\/\/clusterhabitat.pt\/en\/associado\/solar-plus\/#breadcrumb","itemListElement":[{"@type":"ListItem","position":1,"name":"In\u00edcio","item":"https:\/\/clusterhabitat.pt\/en\/"},{"@type":"ListItem","position":2,"name":"Solar Plus"}]},{"@type":"WebSite","@id":"https:\/\/clusterhabitat.pt\/#website","url":"https:\/\/clusterhabitat.pt\/","name":"Cluster Habitat Sustent\u00e1vel","description":"","publisher":{"@id":"https:\/\/clusterhabitat.pt\/#organization"},"potentialAction":[{"@type":"SearchAction","target":{"@type":"EntryPoint","urlTemplate":"https:\/\/clusterhabitat.pt\/?s={search_term_string}"},"query-input":{"@type":"PropertyValueSpecification","valueRequired":true,"valueName":"search_term_string"}}],"inLanguage":"en-US"},{"@type":"Organization","@id":"https:\/\/clusterhabitat.pt\/#organization","name":"Cluster Habitat Sustent\u00e1vel","url":"https:\/\/clusterhabitat.pt\/","logo":{"@type":"ImageObject","inLanguage":"en-US","@id":"https:\/\/clusterhabitat.pt\/#\/schema\/logo\/image\/","url":"https:\/\/clusterhabitat.pt\/wp-content\/uploads\/2024\/01\/cropped-Cluster-Logo.png","contentUrl":"https:\/\/clusterhabitat.pt\/wp-content\/uploads\/2024\/01\/cropped-Cluster-Logo.png","width":203,"height":40,"caption":"Cluster Habitat Sustent\u00e1vel"},"image":{"@id":"https:\/\/clusterhabitat.pt\/#\/schema\/logo\/image\/"},"sameAs":["https:\/\/www.facebook.com\/clusterhabitat","https:\/\/x.com\/ClusterHabitat","https:\/\/www.linkedin.com\/company\/associao-plataforma-para-a-construo-sustentvel\/"]}]}},"_links":{"self":[{"href":"https:\/\/clusterhabitat.pt\/en\/wp-json\/wp\/v2\/associado\/4293","targetHints":{"allow":["GET"]}}],"collection":[{"href":"https:\/\/clusterhabitat.pt\/en\/wp-json\/wp\/v2\/associado"}],"about":[{"href":"https:\/\/clusterhabitat.pt\/en\/wp-json\/wp\/v2\/types\/associado"}],"wp:featuredmedia":[{"embeddable":true,"href":"https:\/\/clusterhabitat.pt\/en\/wp-json\/wp\/v2\/media\/2191"}],"wp:attachment":[{"href":"https:\/\/clusterhabitat.pt\/en\/wp-json\/wp\/v2\/media?parent=4293"}],"wp:term":[{"taxonomy":"tipo_associado","embeddable":true,"href":"https:\/\/clusterhabitat.pt\/en\/wp-json\/wp\/v2\/tipo_associado?post=4293"}],"curies":[{"name":"wp","href":"https:\/\/api.w.org\/{rel}","templated":true}]}}