{"id":4403,"date":"2024-03-08T11:00:20","date_gmt":"2024-03-08T11:00:20","guid":{"rendered":"https:\/\/clusterhabitat.pt\/associado\/mota-engil-ativ\/"},"modified":"2024-04-30T11:28:20","modified_gmt":"2024-04-30T11:28:20","slug":"mota-engil-ativ","status":"publish","type":"associado","link":"https:\/\/clusterhabitat.pt\/en\/associado\/mota-engil-ativ\/","title":{"rendered":"Mota-Engil ATIV"},"content":{"rendered":"<p>[vc_row el_class=&#8221;page-intro paleGrey&#8221;][vc_column][vc_column_text el_class=&#8221;pageTitle&#8221;]<\/p>\n<h1 class=\"page-title\">Mota-Engil ATIV<\/h1>\n<p>[\/vc_column_text][vc_column_text]Gest\u00e3o e Manuten\u00e7\u00e3o de Ativos[\/vc_column_text][vc_column_text el_class=&#8221;pageBreadcrumbs&#8221;]<div class=\"breadcrumbsWrapper\">\n\t\t\t\t<a class=\"breadcrumbLink\" href=https:\/\/clusterhabitat.pt\/en\/>Homepage<\/a><span class=\"breadcrumbBall\"><\/span><a href=\"https:\/\/clusterhabitat.pt\/en\/\/associados\/\">Associates<\/a><span class=\"breadcrumbBall breadcrumbActive\"><\/span><a class=\"breadcrumbLink breadcrumbActive\" href=https:\/\/clusterhabitat.pt\/en\/associado\/mota-engil-ativ\/>Mota-Engil ATIV<\/a><\/div>[\/vc_column_text][\/vc_column][\/vc_row][vc_row el_class=&#8221;page-margins detail-middle-content&#8221;][vc_column width=&#8221;2\/12&#8243; el_class=&#8221;detail-middle-logo&#8221;][vc_single_image image=&#8221;2028&#8243; img_size=&#8221;medium&#8221; alignment=&#8221;center&#8221;][\/vc_column][vc_column width=&#8221;8\/12&#8243; el_class=&#8221;associados-middle detail-middle-text&#8221;][vc_column_text]<\/p>\n<p class=\"rtejustify\">Mota-Engil ATIV is the new brand of the Mota-Engil Group that leverages the recognised knowledge and experience of Manvia and Vibeiras, promoting synergies and complementarity in the portfolio of services.<\/p>\n<p class=\"rtejustify\">With a more comprehensive action and greater added value, their asset management and maintenance services integrate solutions that optimise the operational performance and cost optimisation of their customers\u2019 assets, at the different stages of their life cycle, as well as their energy, water and carbon efficiency.<\/p>\n<p class=\"rtejustify\"><u><strong>History<\/strong><\/u><\/p>\n<p class=\"rtejustify\">The history of our the brand begins with a success story at Manvia and Vibeiras.<\/p>\n<p class=\"rtejustify\">Vibeiras, founded in 1989, specialises in the design, management, construction and maintenance of outdoor spaces. With recognised creation of value in the landscape industry: parks and gardens, infrastructures, forestry and sports grounds.<\/p>\n<p class=\"rtejustify\">Manvia, with over 23 years of activity, is a benchmark company in maintenance management and provision of specialised technical services, particularly in buildings, industry and water infrastructures.<\/p>\n<p class=\"rtejustify\">Working together under a single brand, Mota-Engil ATIV have a more diversified, specialised and qualified team. They offer even more and better solutions for the management and maintenance of their customers\u2019 physical assets, at the different stages of their life cycle. With a renewed capacity to promote the optimisation of costs and the operational performance of assets, as well as their energy, water and carbon efficiency. Together we are stronger.<\/p>\n<p>[\/vc_column_text][vc_row_inner el_class=&#8221;associados-middle-smallImgs&#8221;][vc_column_inner][\/vc_column_inner][\/vc_row_inner][\/vc_column][vc_column width=&#8221;2\/12&#8243;][\/vc_column][\/vc_row][vc_row el_class=&#8221;detail-associado-solucoes&#8221;][vc_column][vc_custom_heading text=&#8221;The Solutions&#8221; font_container=&#8221;tag:h6|text_align:center&#8221; use_theme_fonts=&#8221;yes&#8221; el_class=&#8221;titulo-redondo&#8221;][vc_custom_heading text=&#8221;Solutions from this associate&#8221; font_container=&#8221;tag:p|text_align:center&#8221; use_theme_fonts=&#8221;yes&#8221; el_class=&#8221;smallTitulo&#8221;][vc_column_text]<div class=\"wrapperSlideSolucoesAssociado\"><div class=\"notslideshow-SolucoesAssociado vazio\">This associate doesn't have any solutions.<\/div><\/div>[\/vc_column_text][\/vc_column][\/vc_row][vc_row el_class=&#8221;adesao-cluster associado-website&#8221;][vc_column][vc_single_image image=&#8221;2028&#8243; img_size=&#8221;medium&#8221; el_class=&#8221;associado-website-logo&#8221;][vc_custom_heading text=&#8221;The Monta-Engil ATIV designs integrated solutions for asset management and maintenance, focused on operational, energy, water, and carbon efficiency.&#8221; font_container=&#8221;tag:p|text_align:left&#8221; use_theme_fonts=&#8221;yes&#8221;][vc_btn title=&#8221;Visit website&#8221; link=&#8221;url:http%3A%2F%2Fwww.ativ.pt|target:_blank|&#8221;][vc_single_image image=&#8221;538&#8243; img_size=&#8221;full&#8221; el_class=&#8221;associado-swish&#8221;][\/vc_column][\/vc_row][vc_row][vc_column][vc_empty_space height=&#8221;700px&#8221; el_class=&#8221;dots-bottom-img big&#8221; css=&#8221;.vc_custom_1707219951681{background-image: url(https:\/\/clusterhabitat.pt\/wp-content\/uploads\/2024\/02\/Dots-1_new.png?id=537) !important;}&#8221;][\/vc_column][\/vc_row]<\/p>\n","protected":false},"featured_media":2029,"template":"","tipo_associado":[49],"class_list":["post-4403","associado","type-associado","status-publish","has-post-thumbnail","hentry","tipo_associado-companies"],"yoast_head":"<!-- This site is optimized with the Yoast SEO plugin v27.5 - https:\/\/yoast.com\/product\/yoast-seo-wordpress\/ -->\n<title>Mota-Engil ATIV - Cluster Habitat Sustent\u00e1vel<\/title>\n<meta name=\"robots\" content=\"index, follow, max-snippet:-1, max-image-preview:large, max-video-preview:-1\" \/>\n<link rel=\"canonical\" href=\"https:\/\/clusterhabitat.pt\/en\/associado\/mota-engil-ativ\/\" \/>\n<meta property=\"og:locale\" content=\"en_US\" \/>\n<meta property=\"og:type\" content=\"article\" \/>\n<meta property=\"og:title\" content=\"Mota-Engil ATIV - Cluster Habitat Sustent\u00e1vel\" \/>\n<meta property=\"og:description\" content=\"[vc_row el_class=&#8221;page-intro paleGrey&#8221;][vc_column][vc_column_text el_class=&#8221;pageTitle&#8221;] Mota-Engil ATIV [\/vc_column_text][vc_column_text]Gest\u00e3o e Manuten\u00e7\u00e3o de Ativos[\/vc_column_text][vc_column_text el_class=&#8221;pageBreadcrumbs&#8221;][\/vc_column_text][\/vc_column][\/vc_row][vc_row el_class=&#8221;page-margins detail-middle-content&#8221;][vc_column width=&#8221;2\/12&#8243; el_class=&#8221;detail-middle-logo&#8221;][vc_single_image image=&#8221;2028&#8243; img_size=&#8221;medium&#8221; alignment=&#8221;center&#8221;][\/vc_column][vc_column width=&#8221;8\/12&#8243; el_class=&#8221;associados-middle detail-middle-text&#8221;][vc_column_text] Mota-Engil ATIV is the new brand of the Mota-Engil Group that leverages the recognised knowledge and experience of Manvia and Vibeiras, promoting synergies and complementarity in the portfolio of services. With a more [&hellip;]\" \/>\n<meta property=\"og:url\" content=\"https:\/\/clusterhabitat.pt\/en\/associado\/mota-engil-ativ\/\" \/>\n<meta property=\"og:site_name\" content=\"Cluster Habitat Sustent\u00e1vel\" \/>\n<meta property=\"article:publisher\" content=\"https:\/\/www.facebook.com\/clusterhabitat\" \/>\n<meta property=\"article:modified_time\" content=\"2024-04-30T11:28:20+00:00\" \/>\n<meta property=\"og:image\" content=\"https:\/\/clusterhabitat.pt\/wp-content\/uploads\/2024\/03\/ATIV-Geral-copy.png\" \/>\n\t<meta property=\"og:image:width\" content=\"831\" \/>\n\t<meta property=\"og:image:height\" content=\"400\" \/>\n\t<meta property=\"og:image:type\" content=\"image\/png\" \/>\n<meta name=\"twitter:card\" content=\"summary_large_image\" \/>\n<meta name=\"twitter:site\" content=\"@ClusterHabitat\" \/>\n<meta name=\"twitter:label1\" content=\"Est. reading time\" \/>\n\t<meta name=\"twitter:data1\" content=\"2 minutes\" \/>\n<script type=\"application\/ld+json\" class=\"yoast-schema-graph\">{\"@context\":\"https:\\\/\\\/schema.org\",\"@graph\":[{\"@type\":\"WebPage\",\"@id\":\"https:\\\/\\\/clusterhabitat.pt\\\/en\\\/associado\\\/mota-engil-ativ\\\/\",\"url\":\"https:\\\/\\\/clusterhabitat.pt\\\/en\\\/associado\\\/mota-engil-ativ\\\/\",\"name\":\"Mota-Engil ATIV - Cluster Habitat Sustent\u00e1vel\",\"isPartOf\":{\"@id\":\"https:\\\/\\\/clusterhabitat.pt\\\/#website\"},\"primaryImageOfPage\":{\"@id\":\"https:\\\/\\\/clusterhabitat.pt\\\/en\\\/associado\\\/mota-engil-ativ\\\/#primaryimage\"},\"image\":{\"@id\":\"https:\\\/\\\/clusterhabitat.pt\\\/en\\\/associado\\\/mota-engil-ativ\\\/#primaryimage\"},\"thumbnailUrl\":\"https:\\\/\\\/clusterhabitat.pt\\\/wp-content\\\/uploads\\\/2024\\\/03\\\/ATIV-Geral-copy.png\",\"datePublished\":\"2024-03-08T11:00:20+00:00\",\"dateModified\":\"2024-04-30T11:28:20+00:00\",\"breadcrumb\":{\"@id\":\"https:\\\/\\\/clusterhabitat.pt\\\/en\\\/associado\\\/mota-engil-ativ\\\/#breadcrumb\"},\"inLanguage\":\"en-US\",\"potentialAction\":[{\"@type\":\"ReadAction\",\"target\":[\"https:\\\/\\\/clusterhabitat.pt\\\/en\\\/associado\\\/mota-engil-ativ\\\/\"]}]},{\"@type\":\"ImageObject\",\"inLanguage\":\"en-US\",\"@id\":\"https:\\\/\\\/clusterhabitat.pt\\\/en\\\/associado\\\/mota-engil-ativ\\\/#primaryimage\",\"url\":\"https:\\\/\\\/clusterhabitat.pt\\\/wp-content\\\/uploads\\\/2024\\\/03\\\/ATIV-Geral-copy.png\",\"contentUrl\":\"https:\\\/\\\/clusterhabitat.pt\\\/wp-content\\\/uploads\\\/2024\\\/03\\\/ATIV-Geral-copy.png\",\"width\":831,\"height\":400},{\"@type\":\"BreadcrumbList\",\"@id\":\"https:\\\/\\\/clusterhabitat.pt\\\/en\\\/associado\\\/mota-engil-ativ\\\/#breadcrumb\",\"itemListElement\":[{\"@type\":\"ListItem\",\"position\":1,\"name\":\"In\u00edcio\",\"item\":\"https:\\\/\\\/clusterhabitat.pt\\\/en\\\/\"},{\"@type\":\"ListItem\",\"position\":2,\"name\":\"Mota-Engil ATIV\"}]},{\"@type\":\"WebSite\",\"@id\":\"https:\\\/\\\/clusterhabitat.pt\\\/#website\",\"url\":\"https:\\\/\\\/clusterhabitat.pt\\\/\",\"name\":\"Cluster Habitat Sustent\u00e1vel\",\"description\":\"\",\"publisher\":{\"@id\":\"https:\\\/\\\/clusterhabitat.pt\\\/#organization\"},\"potentialAction\":[{\"@type\":\"SearchAction\",\"target\":{\"@type\":\"EntryPoint\",\"urlTemplate\":\"https:\\\/\\\/clusterhabitat.pt\\\/?s={search_term_string}\"},\"query-input\":{\"@type\":\"PropertyValueSpecification\",\"valueRequired\":true,\"valueName\":\"search_term_string\"}}],\"inLanguage\":\"en-US\"},{\"@type\":\"Organization\",\"@id\":\"https:\\\/\\\/clusterhabitat.pt\\\/#organization\",\"name\":\"Cluster Habitat Sustent\u00e1vel\",\"url\":\"https:\\\/\\\/clusterhabitat.pt\\\/\",\"logo\":{\"@type\":\"ImageObject\",\"inLanguage\":\"en-US\",\"@id\":\"https:\\\/\\\/clusterhabitat.pt\\\/#\\\/schema\\\/logo\\\/image\\\/\",\"url\":\"https:\\\/\\\/clusterhabitat.pt\\\/wp-content\\\/uploads\\\/2024\\\/01\\\/cropped-Cluster-Logo.png\",\"contentUrl\":\"https:\\\/\\\/clusterhabitat.pt\\\/wp-content\\\/uploads\\\/2024\\\/01\\\/cropped-Cluster-Logo.png\",\"width\":203,\"height\":40,\"caption\":\"Cluster Habitat Sustent\u00e1vel\"},\"image\":{\"@id\":\"https:\\\/\\\/clusterhabitat.pt\\\/#\\\/schema\\\/logo\\\/image\\\/\"},\"sameAs\":[\"https:\\\/\\\/www.facebook.com\\\/clusterhabitat\",\"https:\\\/\\\/x.com\\\/ClusterHabitat\",\"https:\\\/\\\/www.linkedin.com\\\/company\\\/associao-plataforma-para-a-construo-sustentvel\\\/\"]}]}<\/script>\n<!-- \/ Yoast SEO plugin. -->","yoast_head_json":{"title":"Mota-Engil ATIV - Cluster Habitat Sustent\u00e1vel","robots":{"index":"index","follow":"follow","max-snippet":"max-snippet:-1","max-image-preview":"max-image-preview:large","max-video-preview":"max-video-preview:-1"},"canonical":"https:\/\/clusterhabitat.pt\/en\/associado\/mota-engil-ativ\/","og_locale":"en_US","og_type":"article","og_title":"Mota-Engil ATIV - Cluster Habitat Sustent\u00e1vel","og_description":"[vc_row el_class=&#8221;page-intro paleGrey&#8221;][vc_column][vc_column_text el_class=&#8221;pageTitle&#8221;] Mota-Engil ATIV [\/vc_column_text][vc_column_text]Gest\u00e3o e Manuten\u00e7\u00e3o de Ativos[\/vc_column_text][vc_column_text el_class=&#8221;pageBreadcrumbs&#8221;][\/vc_column_text][\/vc_column][\/vc_row][vc_row el_class=&#8221;page-margins detail-middle-content&#8221;][vc_column width=&#8221;2\/12&#8243; el_class=&#8221;detail-middle-logo&#8221;][vc_single_image image=&#8221;2028&#8243; img_size=&#8221;medium&#8221; alignment=&#8221;center&#8221;][\/vc_column][vc_column width=&#8221;8\/12&#8243; el_class=&#8221;associados-middle detail-middle-text&#8221;][vc_column_text] Mota-Engil ATIV is the new brand of the Mota-Engil Group that leverages the recognised knowledge and experience of Manvia and Vibeiras, promoting synergies and complementarity in the portfolio of services. With a more [&hellip;]","og_url":"https:\/\/clusterhabitat.pt\/en\/associado\/mota-engil-ativ\/","og_site_name":"Cluster Habitat Sustent\u00e1vel","article_publisher":"https:\/\/www.facebook.com\/clusterhabitat","article_modified_time":"2024-04-30T11:28:20+00:00","og_image":[{"width":831,"height":400,"url":"https:\/\/clusterhabitat.pt\/wp-content\/uploads\/2024\/03\/ATIV-Geral-copy.png","type":"image\/png"}],"twitter_card":"summary_large_image","twitter_site":"@ClusterHabitat","twitter_misc":{"Est. reading time":"2 minutes"},"schema":{"@context":"https:\/\/schema.org","@graph":[{"@type":"WebPage","@id":"https:\/\/clusterhabitat.pt\/en\/associado\/mota-engil-ativ\/","url":"https:\/\/clusterhabitat.pt\/en\/associado\/mota-engil-ativ\/","name":"Mota-Engil ATIV - Cluster Habitat Sustent\u00e1vel","isPartOf":{"@id":"https:\/\/clusterhabitat.pt\/#website"},"primaryImageOfPage":{"@id":"https:\/\/clusterhabitat.pt\/en\/associado\/mota-engil-ativ\/#primaryimage"},"image":{"@id":"https:\/\/clusterhabitat.pt\/en\/associado\/mota-engil-ativ\/#primaryimage"},"thumbnailUrl":"https:\/\/clusterhabitat.pt\/wp-content\/uploads\/2024\/03\/ATIV-Geral-copy.png","datePublished":"2024-03-08T11:00:20+00:00","dateModified":"2024-04-30T11:28:20+00:00","breadcrumb":{"@id":"https:\/\/clusterhabitat.pt\/en\/associado\/mota-engil-ativ\/#breadcrumb"},"inLanguage":"en-US","potentialAction":[{"@type":"ReadAction","target":["https:\/\/clusterhabitat.pt\/en\/associado\/mota-engil-ativ\/"]}]},{"@type":"ImageObject","inLanguage":"en-US","@id":"https:\/\/clusterhabitat.pt\/en\/associado\/mota-engil-ativ\/#primaryimage","url":"https:\/\/clusterhabitat.pt\/wp-content\/uploads\/2024\/03\/ATIV-Geral-copy.png","contentUrl":"https:\/\/clusterhabitat.pt\/wp-content\/uploads\/2024\/03\/ATIV-Geral-copy.png","width":831,"height":400},{"@type":"BreadcrumbList","@id":"https:\/\/clusterhabitat.pt\/en\/associado\/mota-engil-ativ\/#breadcrumb","itemListElement":[{"@type":"ListItem","position":1,"name":"In\u00edcio","item":"https:\/\/clusterhabitat.pt\/en\/"},{"@type":"ListItem","position":2,"name":"Mota-Engil ATIV"}]},{"@type":"WebSite","@id":"https:\/\/clusterhabitat.pt\/#website","url":"https:\/\/clusterhabitat.pt\/","name":"Cluster Habitat Sustent\u00e1vel","description":"","publisher":{"@id":"https:\/\/clusterhabitat.pt\/#organization"},"potentialAction":[{"@type":"SearchAction","target":{"@type":"EntryPoint","urlTemplate":"https:\/\/clusterhabitat.pt\/?s={search_term_string}"},"query-input":{"@type":"PropertyValueSpecification","valueRequired":true,"valueName":"search_term_string"}}],"inLanguage":"en-US"},{"@type":"Organization","@id":"https:\/\/clusterhabitat.pt\/#organization","name":"Cluster Habitat Sustent\u00e1vel","url":"https:\/\/clusterhabitat.pt\/","logo":{"@type":"ImageObject","inLanguage":"en-US","@id":"https:\/\/clusterhabitat.pt\/#\/schema\/logo\/image\/","url":"https:\/\/clusterhabitat.pt\/wp-content\/uploads\/2024\/01\/cropped-Cluster-Logo.png","contentUrl":"https:\/\/clusterhabitat.pt\/wp-content\/uploads\/2024\/01\/cropped-Cluster-Logo.png","width":203,"height":40,"caption":"Cluster Habitat Sustent\u00e1vel"},"image":{"@id":"https:\/\/clusterhabitat.pt\/#\/schema\/logo\/image\/"},"sameAs":["https:\/\/www.facebook.com\/clusterhabitat","https:\/\/x.com\/ClusterHabitat","https:\/\/www.linkedin.com\/company\/associao-plataforma-para-a-construo-sustentvel\/"]}]}},"_links":{"self":[{"href":"https:\/\/clusterhabitat.pt\/en\/wp-json\/wp\/v2\/associado\/4403","targetHints":{"allow":["GET"]}}],"collection":[{"href":"https:\/\/clusterhabitat.pt\/en\/wp-json\/wp\/v2\/associado"}],"about":[{"href":"https:\/\/clusterhabitat.pt\/en\/wp-json\/wp\/v2\/types\/associado"}],"wp:featuredmedia":[{"embeddable":true,"href":"https:\/\/clusterhabitat.pt\/en\/wp-json\/wp\/v2\/media\/2029"}],"wp:attachment":[{"href":"https:\/\/clusterhabitat.pt\/en\/wp-json\/wp\/v2\/media?parent=4403"}],"wp:term":[{"taxonomy":"tipo_associado","embeddable":true,"href":"https:\/\/clusterhabitat.pt\/en\/wp-json\/wp\/v2\/tipo_associado?post=4403"}],"curies":[{"name":"wp","href":"https:\/\/api.w.org\/{rel}","templated":true}]}}