{"id":4256,"date":"2024-02-09T08:42:04","date_gmt":"2024-02-09T08:42:04","guid":{"rendered":"https:\/\/clusterhabitat.pt\/orgao-social\/jose-manuel-franco-de-matos\/"},"modified":"2026-01-12T15:50:04","modified_gmt":"2026-01-12T15:50:04","slug":"jose-manuel-franco-de-matos","status":"publish","type":"orgao_social","link":"https:\/\/clusterhabitat.pt\/en\/orgao-social\/jose-manuel-franco-de-matos\/","title":{"rendered":"Jos\u00e9 Manuel Franco de Matos"},"content":{"rendered":"<p>Jos\u00e9 de Matos has a degree in Economics from ISEG since 1980 and obtained a post-graduate qualification in Business Recovery and Management from the Lus\u00f3fona University in Porto in 2012.<\/p>\n<p>On a professional level, he has been the Secretary General of the Associa\u00e7\u00e3o Portuguesa dos Comerciantes de Materiais de Constru\u00e7\u00e3o since 1985, and has held various association and representative positions, including member of the Board of the Construction Institute, Chairman of the Board of PRIMUS &#8211; Metropolitan Agency for Regional Development (AMP), member of the Board of CPCI &#8211; Portuguese Confederation of Construction and Real Estate and member of the Board of CCP &#8211; Confederation of Commerce and Services of Portugal.<\/p>\n<p>Before becoming a member of the Board of Directors of the Platform for Sustainable Construction, he was Chairman of its Supervisory Board since 2008.<\/p>\n","protected":false},"featured_media":1211,"template":"","tipo_orgao_social":[67],"class_list":["post-4256","orgao_social","type-orgao_social","status-publish","has-post-thumbnail","hentry","tipo_orgao_social-general-assembly"],"yoast_head":"<!-- This site is optimized with the Yoast SEO plugin v27.5 - https:\/\/yoast.com\/product\/yoast-seo-wordpress\/ -->\n<title>Jos\u00e9 Manuel Franco de Matos - Cluster Habitat Sustent\u00e1vel<\/title>\n<meta name=\"robots\" content=\"index, follow, max-snippet:-1, max-image-preview:large, max-video-preview:-1\" \/>\n<link rel=\"canonical\" href=\"https:\/\/clusterhabitat.pt\/en\/orgao-social\/jose-manuel-franco-de-matos\/\" \/>\n<meta property=\"og:locale\" content=\"en_US\" \/>\n<meta property=\"og:type\" content=\"article\" \/>\n<meta property=\"og:title\" content=\"Jos\u00e9 Manuel Franco de Matos - Cluster Habitat Sustent\u00e1vel\" \/>\n<meta property=\"og:description\" content=\"Jos\u00e9 de Matos has a degree in Economics from ISEG since 1980 and obtained a post-graduate qualification in Business Recovery and Management from the Lus\u00f3fona University in Porto in 2012. On a professional level, he has been the Secretary General of the Associa\u00e7\u00e3o Portuguesa dos Comerciantes de Materiais de Constru\u00e7\u00e3o since 1985, and has held [&hellip;]\" \/>\n<meta property=\"og:url\" content=\"https:\/\/clusterhabitat.pt\/en\/orgao-social\/jose-manuel-franco-de-matos\/\" \/>\n<meta property=\"og:site_name\" content=\"Cluster Habitat Sustent\u00e1vel\" \/>\n<meta property=\"article:publisher\" content=\"https:\/\/www.facebook.com\/clusterhabitat\" \/>\n<meta property=\"article:modified_time\" content=\"2026-01-12T15:50:04+00:00\" \/>\n<meta property=\"og:image\" content=\"https:\/\/clusterhabitat.pt\/wp-content\/uploads\/2024\/02\/medium_jose_matos_a_crop_0.jpg\" \/>\n\t<meta property=\"og:image:width\" content=\"120\" \/>\n\t<meta property=\"og:image:height\" content=\"120\" \/>\n\t<meta property=\"og:image:type\" content=\"image\/jpeg\" \/>\n<meta name=\"twitter:card\" content=\"summary_large_image\" \/>\n<meta name=\"twitter:site\" content=\"@ClusterHabitat\" \/>\n<meta name=\"twitter:label1\" content=\"Est. reading time\" \/>\n\t<meta name=\"twitter:data1\" content=\"1 minute\" \/>\n<script type=\"application\/ld+json\" class=\"yoast-schema-graph\">{\"@context\":\"https:\\\/\\\/schema.org\",\"@graph\":[{\"@type\":\"WebPage\",\"@id\":\"https:\\\/\\\/clusterhabitat.pt\\\/en\\\/orgao-social\\\/jose-manuel-franco-de-matos\\\/\",\"url\":\"https:\\\/\\\/clusterhabitat.pt\\\/en\\\/orgao-social\\\/jose-manuel-franco-de-matos\\\/\",\"name\":\"Jos\u00e9 Manuel Franco de Matos - Cluster Habitat Sustent\u00e1vel\",\"isPartOf\":{\"@id\":\"https:\\\/\\\/clusterhabitat.pt\\\/#website\"},\"primaryImageOfPage\":{\"@id\":\"https:\\\/\\\/clusterhabitat.pt\\\/en\\\/orgao-social\\\/jose-manuel-franco-de-matos\\\/#primaryimage\"},\"image\":{\"@id\":\"https:\\\/\\\/clusterhabitat.pt\\\/en\\\/orgao-social\\\/jose-manuel-franco-de-matos\\\/#primaryimage\"},\"thumbnailUrl\":\"https:\\\/\\\/clusterhabitat.pt\\\/wp-content\\\/uploads\\\/2024\\\/02\\\/medium_jose_matos_a_crop_0.jpg\",\"datePublished\":\"2024-02-09T08:42:04+00:00\",\"dateModified\":\"2026-01-12T15:50:04+00:00\",\"breadcrumb\":{\"@id\":\"https:\\\/\\\/clusterhabitat.pt\\\/en\\\/orgao-social\\\/jose-manuel-franco-de-matos\\\/#breadcrumb\"},\"inLanguage\":\"en-US\",\"potentialAction\":[{\"@type\":\"ReadAction\",\"target\":[\"https:\\\/\\\/clusterhabitat.pt\\\/en\\\/orgao-social\\\/jose-manuel-franco-de-matos\\\/\"]}]},{\"@type\":\"ImageObject\",\"inLanguage\":\"en-US\",\"@id\":\"https:\\\/\\\/clusterhabitat.pt\\\/en\\\/orgao-social\\\/jose-manuel-franco-de-matos\\\/#primaryimage\",\"url\":\"https:\\\/\\\/clusterhabitat.pt\\\/wp-content\\\/uploads\\\/2024\\\/02\\\/medium_jose_matos_a_crop_0.jpg\",\"contentUrl\":\"https:\\\/\\\/clusterhabitat.pt\\\/wp-content\\\/uploads\\\/2024\\\/02\\\/medium_jose_matos_a_crop_0.jpg\",\"width\":120,\"height\":120},{\"@type\":\"BreadcrumbList\",\"@id\":\"https:\\\/\\\/clusterhabitat.pt\\\/en\\\/orgao-social\\\/jose-manuel-franco-de-matos\\\/#breadcrumb\",\"itemListElement\":[{\"@type\":\"ListItem\",\"position\":1,\"name\":\"In\u00edcio\",\"item\":\"https:\\\/\\\/clusterhabitat.pt\\\/en\\\/\"},{\"@type\":\"ListItem\",\"position\":2,\"name\":\"Jos\u00e9 Manuel Franco de Matos\"}]},{\"@type\":\"WebSite\",\"@id\":\"https:\\\/\\\/clusterhabitat.pt\\\/#website\",\"url\":\"https:\\\/\\\/clusterhabitat.pt\\\/\",\"name\":\"Cluster Habitat Sustent\u00e1vel\",\"description\":\"\",\"publisher\":{\"@id\":\"https:\\\/\\\/clusterhabitat.pt\\\/#organization\"},\"potentialAction\":[{\"@type\":\"SearchAction\",\"target\":{\"@type\":\"EntryPoint\",\"urlTemplate\":\"https:\\\/\\\/clusterhabitat.pt\\\/?s={search_term_string}\"},\"query-input\":{\"@type\":\"PropertyValueSpecification\",\"valueRequired\":true,\"valueName\":\"search_term_string\"}}],\"inLanguage\":\"en-US\"},{\"@type\":\"Organization\",\"@id\":\"https:\\\/\\\/clusterhabitat.pt\\\/#organization\",\"name\":\"Cluster Habitat Sustent\u00e1vel\",\"url\":\"https:\\\/\\\/clusterhabitat.pt\\\/\",\"logo\":{\"@type\":\"ImageObject\",\"inLanguage\":\"en-US\",\"@id\":\"https:\\\/\\\/clusterhabitat.pt\\\/#\\\/schema\\\/logo\\\/image\\\/\",\"url\":\"https:\\\/\\\/clusterhabitat.pt\\\/wp-content\\\/uploads\\\/2024\\\/01\\\/cropped-Cluster-Logo.png\",\"contentUrl\":\"https:\\\/\\\/clusterhabitat.pt\\\/wp-content\\\/uploads\\\/2024\\\/01\\\/cropped-Cluster-Logo.png\",\"width\":203,\"height\":40,\"caption\":\"Cluster Habitat Sustent\u00e1vel\"},\"image\":{\"@id\":\"https:\\\/\\\/clusterhabitat.pt\\\/#\\\/schema\\\/logo\\\/image\\\/\"},\"sameAs\":[\"https:\\\/\\\/www.facebook.com\\\/clusterhabitat\",\"https:\\\/\\\/x.com\\\/ClusterHabitat\",\"https:\\\/\\\/www.linkedin.com\\\/company\\\/associao-plataforma-para-a-construo-sustentvel\\\/\"]}]}<\/script>\n<!-- \/ Yoast SEO plugin. -->","yoast_head_json":{"title":"Jos\u00e9 Manuel Franco de Matos - Cluster Habitat Sustent\u00e1vel","robots":{"index":"index","follow":"follow","max-snippet":"max-snippet:-1","max-image-preview":"max-image-preview:large","max-video-preview":"max-video-preview:-1"},"canonical":"https:\/\/clusterhabitat.pt\/en\/orgao-social\/jose-manuel-franco-de-matos\/","og_locale":"en_US","og_type":"article","og_title":"Jos\u00e9 Manuel Franco de Matos - Cluster Habitat Sustent\u00e1vel","og_description":"Jos\u00e9 de Matos has a degree in Economics from ISEG since 1980 and obtained a post-graduate qualification in Business Recovery and Management from the Lus\u00f3fona University in Porto in 2012. On a professional level, he has been the Secretary General of the Associa\u00e7\u00e3o Portuguesa dos Comerciantes de Materiais de Constru\u00e7\u00e3o since 1985, and has held [&hellip;]","og_url":"https:\/\/clusterhabitat.pt\/en\/orgao-social\/jose-manuel-franco-de-matos\/","og_site_name":"Cluster Habitat Sustent\u00e1vel","article_publisher":"https:\/\/www.facebook.com\/clusterhabitat","article_modified_time":"2026-01-12T15:50:04+00:00","og_image":[{"width":120,"height":120,"url":"https:\/\/clusterhabitat.pt\/wp-content\/uploads\/2024\/02\/medium_jose_matos_a_crop_0.jpg","type":"image\/jpeg"}],"twitter_card":"summary_large_image","twitter_site":"@ClusterHabitat","twitter_misc":{"Est. reading time":"1 minute"},"schema":{"@context":"https:\/\/schema.org","@graph":[{"@type":"WebPage","@id":"https:\/\/clusterhabitat.pt\/en\/orgao-social\/jose-manuel-franco-de-matos\/","url":"https:\/\/clusterhabitat.pt\/en\/orgao-social\/jose-manuel-franco-de-matos\/","name":"Jos\u00e9 Manuel Franco de Matos - Cluster Habitat Sustent\u00e1vel","isPartOf":{"@id":"https:\/\/clusterhabitat.pt\/#website"},"primaryImageOfPage":{"@id":"https:\/\/clusterhabitat.pt\/en\/orgao-social\/jose-manuel-franco-de-matos\/#primaryimage"},"image":{"@id":"https:\/\/clusterhabitat.pt\/en\/orgao-social\/jose-manuel-franco-de-matos\/#primaryimage"},"thumbnailUrl":"https:\/\/clusterhabitat.pt\/wp-content\/uploads\/2024\/02\/medium_jose_matos_a_crop_0.jpg","datePublished":"2024-02-09T08:42:04+00:00","dateModified":"2026-01-12T15:50:04+00:00","breadcrumb":{"@id":"https:\/\/clusterhabitat.pt\/en\/orgao-social\/jose-manuel-franco-de-matos\/#breadcrumb"},"inLanguage":"en-US","potentialAction":[{"@type":"ReadAction","target":["https:\/\/clusterhabitat.pt\/en\/orgao-social\/jose-manuel-franco-de-matos\/"]}]},{"@type":"ImageObject","inLanguage":"en-US","@id":"https:\/\/clusterhabitat.pt\/en\/orgao-social\/jose-manuel-franco-de-matos\/#primaryimage","url":"https:\/\/clusterhabitat.pt\/wp-content\/uploads\/2024\/02\/medium_jose_matos_a_crop_0.jpg","contentUrl":"https:\/\/clusterhabitat.pt\/wp-content\/uploads\/2024\/02\/medium_jose_matos_a_crop_0.jpg","width":120,"height":120},{"@type":"BreadcrumbList","@id":"https:\/\/clusterhabitat.pt\/en\/orgao-social\/jose-manuel-franco-de-matos\/#breadcrumb","itemListElement":[{"@type":"ListItem","position":1,"name":"In\u00edcio","item":"https:\/\/clusterhabitat.pt\/en\/"},{"@type":"ListItem","position":2,"name":"Jos\u00e9 Manuel Franco de Matos"}]},{"@type":"WebSite","@id":"https:\/\/clusterhabitat.pt\/#website","url":"https:\/\/clusterhabitat.pt\/","name":"Cluster Habitat Sustent\u00e1vel","description":"","publisher":{"@id":"https:\/\/clusterhabitat.pt\/#organization"},"potentialAction":[{"@type":"SearchAction","target":{"@type":"EntryPoint","urlTemplate":"https:\/\/clusterhabitat.pt\/?s={search_term_string}"},"query-input":{"@type":"PropertyValueSpecification","valueRequired":true,"valueName":"search_term_string"}}],"inLanguage":"en-US"},{"@type":"Organization","@id":"https:\/\/clusterhabitat.pt\/#organization","name":"Cluster Habitat Sustent\u00e1vel","url":"https:\/\/clusterhabitat.pt\/","logo":{"@type":"ImageObject","inLanguage":"en-US","@id":"https:\/\/clusterhabitat.pt\/#\/schema\/logo\/image\/","url":"https:\/\/clusterhabitat.pt\/wp-content\/uploads\/2024\/01\/cropped-Cluster-Logo.png","contentUrl":"https:\/\/clusterhabitat.pt\/wp-content\/uploads\/2024\/01\/cropped-Cluster-Logo.png","width":203,"height":40,"caption":"Cluster Habitat Sustent\u00e1vel"},"image":{"@id":"https:\/\/clusterhabitat.pt\/#\/schema\/logo\/image\/"},"sameAs":["https:\/\/www.facebook.com\/clusterhabitat","https:\/\/x.com\/ClusterHabitat","https:\/\/www.linkedin.com\/company\/associao-plataforma-para-a-construo-sustentvel\/"]}]}},"_links":{"self":[{"href":"https:\/\/clusterhabitat.pt\/en\/wp-json\/wp\/v2\/orgao_social\/4256","targetHints":{"allow":["GET"]}}],"collection":[{"href":"https:\/\/clusterhabitat.pt\/en\/wp-json\/wp\/v2\/orgao_social"}],"about":[{"href":"https:\/\/clusterhabitat.pt\/en\/wp-json\/wp\/v2\/types\/orgao_social"}],"wp:featuredmedia":[{"embeddable":true,"href":"https:\/\/clusterhabitat.pt\/en\/wp-json\/wp\/v2\/media\/1211"}],"wp:attachment":[{"href":"https:\/\/clusterhabitat.pt\/en\/wp-json\/wp\/v2\/media?parent=4256"}],"wp:term":[{"taxonomy":"tipo_orgao_social","embeddable":true,"href":"https:\/\/clusterhabitat.pt\/en\/wp-json\/wp\/v2\/tipo_orgao_social?post=4256"}],"curies":[{"name":"wp","href":"https:\/\/api.w.org\/{rel}","templated":true}]}}