{"id":4782,"date":"2024-03-12T20:18:01","date_gmt":"2024-03-12T20:18:01","guid":{"rendered":"https:\/\/clusterhabitat.pt\/projeto-territorio\/into7pq\/"},"modified":"2024-04-07T11:26:13","modified_gmt":"2024-04-07T11:26:13","slug":"into7pq","status":"publish","type":"projeto_territorio","link":"https:\/\/clusterhabitat.pt\/en\/projeto-territorio\/into7pq\/","title":{"rendered":"Into7PQ"},"content":{"rendered":"<p>[vc_row el_class=&#8221;page-intro paleGrey&#8221;][vc_column][vc_column_text el_class=&#8221;pageTitle&#8221;]<\/p>\n<h1 class=\"page-title\">Into 7PQ<\/h1>\n<p>[\/vc_column_text][vc_column_text el_class=&#8221;pageDescription&#8221;]Internationalization and Innovation in the Sustainable Habitat Cluster[\/vc_column_text][vc_column_text el_class=&#8221;pageBreadcrumbs&#8221;]<div class=\"breadcrumbsWrapper\">\n\t\t\t\t<a class=\"breadcrumbLink\" href=https:\/\/clusterhabitat.pt\/en\/>Homepage<\/a><span class=\"breadcrumbBall\"><\/span><a href=\"https:\/\/clusterhabitat.pt\/en\/\/projetos\/\">Projects<\/a><span class=\"breadcrumbBall\"><\/span><a href=\"https:\/\/clusterhabitat.pt\/en\/\/territorios-e-cidades-sustentaveis\/\">Projetos Territ\u00f3rios e Cidades<\/a><span class=\"breadcrumbBall breadcrumbActive\"><\/span><a class=\"breadcrumbLink breadcrumbActive\" href=https:\/\/clusterhabitat.pt\/en\/projeto-territorio\/into7pq\/>Into7PQ<\/a><\/div>[\/vc_column_text][\/vc_column][\/vc_row][vc_row el_class=&#8221;det-projeto-imgSection&#8221;][vc_column][vc_single_image image=&#8221;2398&#8243; img_size=&#8221;full&#8221; el_class=&#8221;det-proj-mainImg&#8221;][\/vc_column][\/vc_row][vc_row el_class=&#8221;page-margins detail-middle-content&#8221;][vc_column width=&#8221;2\/12&#8243; el_class=&#8221;detail-middle-logo&#8221;][vc_single_image image=&#8221;2856&#8243; img_size=&#8221;medium&#8221; alignment=&#8221;center&#8221;][\/vc_column][vc_column width=&#8221;8\/12&#8243; el_class=&#8221;detail-middle-text&#8221;][vc_column_text el_class=&#8221;middle-special-text&#8221;]Project No.: 27357<\/p>\n<p class=\"rtejustify\">Measure: SIAC &#8211; Sistema de Apoio a A\u00e7\u00f5es Coletivas (AAC 01\/SIAC\/2012)<\/p>\n<p class=\"rtejustify\">Geographical area of cooperation: National<\/p>\n<p>Project period: 01\/07\/2012 and 30\/06\/2014<\/p>\n<p class=\"rtejustify\">Overall investment: 236,451.00 euros<\/p>\n<div class=\"rtejustify\">\n<p>ERDF funding: 161,872.65 euros<\/p>\n<\/div>\n<p>[\/vc_column_text][vc_column_text el_class=&#8221;middle-after-borders-text&#8221;][\/vc_column_text][vc_custom_heading text=&#8221;Cluster Habitat Sustent\u00e1vel&#8221; font_container=&#8221;tag:h6|text_align:left&#8221; use_theme_fonts=&#8221;yes&#8221; el_class=&#8221;titulo-redondo&#8221;][vc_custom_heading text=&#8221;Promoter&#8221; font_container=&#8221;tag:h4|text_align:left&#8221; use_theme_fonts=&#8221;yes&#8221;][vc_column_text]- Associa\u00e7\u00e3o Plataforma para a Constru\u00e7\u00e3o Sustent\u00e1vel[\/vc_column_text][vc_custom_heading text=&#8221;Partners&#8221; font_container=&#8221;tag:h4|text_align:left&#8221; use_theme_fonts=&#8221;yes&#8221;][vc_column_text]- Associa\u00e7\u00e3o Comercial e Industrial do Funchal<\/p>\n<p>&#8211; CM Espinho<\/p>\n<p>&#8211; Ecochoice<\/p>\n<p>&#8211; Eslam<\/p>\n<p>&#8211; Freedomgrow<\/p>\n<p>&#8211; Inovamais<\/p>\n<p>&#8211; Jpaiva Constru\u00e7\u00f5es<\/p>\n<p>&#8211; T\u00e9keto<\/p>\n<p>&#8211; Umbelino Monteiro<\/p>\n<p>&#8211; UA<\/p>\n<p>[\/vc_column_text][vc_custom_heading text=&#8221;Project Overview:&#8221; font_container=&#8221;tag:h4|text_align:left&#8221; use_theme_fonts=&#8221;yes&#8221;][vc_column_text]<\/p>\n<p class=\"rtejustify\">Into7PQ has served to develop a concentrated dynamic that seeks, through innovation, technological development and the qualification of companies in the Habitat sector, to strengthen their competitiveness and sustainability, mobilizing a number of key players for this purpose.<\/p>\n<p class=\"rtejustify\">The Platform for Sustainable Construction in partnership with its associate Inovamais organized the Closing Seminar of the SIAC Into7PQ project of the Sustainable Habitat Cluster, thus taking stock of the SIAC &#8220;Into7PQ&#8221; project, taking the opportunity to present the evaluation of specific opportunities in Horizon 2020 for the habitat sector.<\/p>\n<p>[\/vc_column_text][vc_single_image image=&#8221;932&#8243; img_size=&#8221;full&#8221;][\/vc_column][vc_column width=&#8221;2\/12&#8243;][\/vc_column][\/vc_row][vc_row el_class=&#8221;detail-pdfs-content&#8221;][vc_column][vc_column_text]\t\t<\/ul>\n\t\t\t\t<\/div>[\/vc_column_text][vc_empty_space height=&#8221;200px&#8221; el_class=&#8221;dots-bottom-img&#8221; css=&#8221;.vc_custom_1707134559938{background-image: url(https:\/\/clusterhabitat.pt\/wp-content\/uploads\/2024\/01\/Dots-1.png?id=193) !important;}&#8221;][\/vc_column][\/vc_row]<\/p>\n","protected":false},"featured_media":2861,"template":"","periodo_projeto":[14],"class_list":["post-4782","projeto_territorio","type-projeto_territorio","status-publish","has-post-thumbnail","hentry","periodo_projeto-2009-2013"],"yoast_head":"<!-- This site is optimized with the Yoast SEO plugin v27.5 - https:\/\/yoast.com\/product\/yoast-seo-wordpress\/ -->\n<title>Into7PQ - Cluster Habitat Sustent\u00e1vel<\/title>\n<meta name=\"robots\" content=\"index, follow, max-snippet:-1, max-image-preview:large, max-video-preview:-1\" \/>\n<link rel=\"canonical\" href=\"https:\/\/clusterhabitat.pt\/en\/projeto-territorio\/into7pq\/\" \/>\n<meta property=\"og:locale\" content=\"en_US\" \/>\n<meta property=\"og:type\" content=\"article\" \/>\n<meta property=\"og:title\" content=\"Into7PQ - Cluster Habitat Sustent\u00e1vel\" \/>\n<meta property=\"og:description\" content=\"[vc_row el_class=&#8221;page-intro paleGrey&#8221;][vc_column][vc_column_text el_class=&#8221;pageTitle&#8221;] Into 7PQ [\/vc_column_text][vc_column_text el_class=&#8221;pageDescription&#8221;]Internationalization and Innovation in the Sustainable Habitat Cluster[\/vc_column_text][vc_column_text el_class=&#8221;pageBreadcrumbs&#8221;][\/vc_column_text][\/vc_column][\/vc_row][vc_row el_class=&#8221;det-projeto-imgSection&#8221;][vc_column][vc_single_image image=&#8221;2398&#8243; img_size=&#8221;full&#8221; el_class=&#8221;det-proj-mainImg&#8221;][\/vc_column][\/vc_row][vc_row el_class=&#8221;page-margins detail-middle-content&#8221;][vc_column width=&#8221;2\/12&#8243; el_class=&#8221;detail-middle-logo&#8221;][vc_single_image image=&#8221;2856&#8243; img_size=&#8221;medium&#8221; alignment=&#8221;center&#8221;][\/vc_column][vc_column width=&#8221;8\/12&#8243; el_class=&#8221;detail-middle-text&#8221;][vc_column_text el_class=&#8221;middle-special-text&#8221;]Project No.: 27357 Measure: SIAC &#8211; Sistema de Apoio a A\u00e7\u00f5es Coletivas (AAC 01\/SIAC\/2012) Geographical area of cooperation: National Project period: 01\/07\/2012 and 30\/06\/2014 Overall investment: [&hellip;]\" \/>\n<meta property=\"og:url\" content=\"https:\/\/clusterhabitat.pt\/en\/projeto-territorio\/into7pq\/\" \/>\n<meta property=\"og:site_name\" content=\"Cluster Habitat Sustent\u00e1vel\" \/>\n<meta property=\"article:publisher\" content=\"https:\/\/www.facebook.com\/clusterhabitat\" \/>\n<meta property=\"article:modified_time\" content=\"2024-04-07T11:26:13+00:00\" \/>\n<meta property=\"og:image\" content=\"https:\/\/clusterhabitat.pt\/wp-content\/uploads\/2024\/03\/chs_destaque-01-1.png\" \/>\n\t<meta property=\"og:image:width\" content=\"900\" \/>\n\t<meta property=\"og:image:height\" content=\"704\" \/>\n\t<meta property=\"og:image:type\" content=\"image\/png\" \/>\n<meta name=\"twitter:card\" content=\"summary_large_image\" \/>\n<meta name=\"twitter:site\" content=\"@ClusterHabitat\" \/>\n<meta name=\"twitter:label1\" content=\"Est. reading time\" \/>\n\t<meta name=\"twitter:data1\" content=\"2 minutes\" \/>\n<script type=\"application\/ld+json\" class=\"yoast-schema-graph\">{\"@context\":\"https:\\\/\\\/schema.org\",\"@graph\":[{\"@type\":\"WebPage\",\"@id\":\"https:\\\/\\\/clusterhabitat.pt\\\/en\\\/projeto-territorio\\\/into7pq\\\/\",\"url\":\"https:\\\/\\\/clusterhabitat.pt\\\/en\\\/projeto-territorio\\\/into7pq\\\/\",\"name\":\"Into7PQ - Cluster Habitat Sustent\u00e1vel\",\"isPartOf\":{\"@id\":\"https:\\\/\\\/clusterhabitat.pt\\\/#website\"},\"primaryImageOfPage\":{\"@id\":\"https:\\\/\\\/clusterhabitat.pt\\\/en\\\/projeto-territorio\\\/into7pq\\\/#primaryimage\"},\"image\":{\"@id\":\"https:\\\/\\\/clusterhabitat.pt\\\/en\\\/projeto-territorio\\\/into7pq\\\/#primaryimage\"},\"thumbnailUrl\":\"https:\\\/\\\/clusterhabitat.pt\\\/wp-content\\\/uploads\\\/2024\\\/03\\\/chs_destaque-01-1.png\",\"datePublished\":\"2024-03-12T20:18:01+00:00\",\"dateModified\":\"2024-04-07T11:26:13+00:00\",\"breadcrumb\":{\"@id\":\"https:\\\/\\\/clusterhabitat.pt\\\/en\\\/projeto-territorio\\\/into7pq\\\/#breadcrumb\"},\"inLanguage\":\"en-US\",\"potentialAction\":[{\"@type\":\"ReadAction\",\"target\":[\"https:\\\/\\\/clusterhabitat.pt\\\/en\\\/projeto-territorio\\\/into7pq\\\/\"]}]},{\"@type\":\"ImageObject\",\"inLanguage\":\"en-US\",\"@id\":\"https:\\\/\\\/clusterhabitat.pt\\\/en\\\/projeto-territorio\\\/into7pq\\\/#primaryimage\",\"url\":\"https:\\\/\\\/clusterhabitat.pt\\\/wp-content\\\/uploads\\\/2024\\\/03\\\/chs_destaque-01-1.png\",\"contentUrl\":\"https:\\\/\\\/clusterhabitat.pt\\\/wp-content\\\/uploads\\\/2024\\\/03\\\/chs_destaque-01-1.png\",\"width\":900,\"height\":704},{\"@type\":\"BreadcrumbList\",\"@id\":\"https:\\\/\\\/clusterhabitat.pt\\\/en\\\/projeto-territorio\\\/into7pq\\\/#breadcrumb\",\"itemListElement\":[{\"@type\":\"ListItem\",\"position\":1,\"name\":\"In\u00edcio\",\"item\":\"https:\\\/\\\/clusterhabitat.pt\\\/en\\\/\"},{\"@type\":\"ListItem\",\"position\":2,\"name\":\"Into7PQ\"}]},{\"@type\":\"WebSite\",\"@id\":\"https:\\\/\\\/clusterhabitat.pt\\\/#website\",\"url\":\"https:\\\/\\\/clusterhabitat.pt\\\/\",\"name\":\"Cluster Habitat Sustent\u00e1vel\",\"description\":\"\",\"publisher\":{\"@id\":\"https:\\\/\\\/clusterhabitat.pt\\\/#organization\"},\"potentialAction\":[{\"@type\":\"SearchAction\",\"target\":{\"@type\":\"EntryPoint\",\"urlTemplate\":\"https:\\\/\\\/clusterhabitat.pt\\\/?s={search_term_string}\"},\"query-input\":{\"@type\":\"PropertyValueSpecification\",\"valueRequired\":true,\"valueName\":\"search_term_string\"}}],\"inLanguage\":\"en-US\"},{\"@type\":\"Organization\",\"@id\":\"https:\\\/\\\/clusterhabitat.pt\\\/#organization\",\"name\":\"Cluster Habitat Sustent\u00e1vel\",\"url\":\"https:\\\/\\\/clusterhabitat.pt\\\/\",\"logo\":{\"@type\":\"ImageObject\",\"inLanguage\":\"en-US\",\"@id\":\"https:\\\/\\\/clusterhabitat.pt\\\/#\\\/schema\\\/logo\\\/image\\\/\",\"url\":\"https:\\\/\\\/clusterhabitat.pt\\\/wp-content\\\/uploads\\\/2024\\\/01\\\/cropped-Cluster-Logo.png\",\"contentUrl\":\"https:\\\/\\\/clusterhabitat.pt\\\/wp-content\\\/uploads\\\/2024\\\/01\\\/cropped-Cluster-Logo.png\",\"width\":203,\"height\":40,\"caption\":\"Cluster Habitat Sustent\u00e1vel\"},\"image\":{\"@id\":\"https:\\\/\\\/clusterhabitat.pt\\\/#\\\/schema\\\/logo\\\/image\\\/\"},\"sameAs\":[\"https:\\\/\\\/www.facebook.com\\\/clusterhabitat\",\"https:\\\/\\\/x.com\\\/ClusterHabitat\",\"https:\\\/\\\/www.linkedin.com\\\/company\\\/associao-plataforma-para-a-construo-sustentvel\\\/\"]}]}<\/script>\n<!-- \/ Yoast SEO plugin. -->","yoast_head_json":{"title":"Into7PQ - Cluster Habitat Sustent\u00e1vel","robots":{"index":"index","follow":"follow","max-snippet":"max-snippet:-1","max-image-preview":"max-image-preview:large","max-video-preview":"max-video-preview:-1"},"canonical":"https:\/\/clusterhabitat.pt\/en\/projeto-territorio\/into7pq\/","og_locale":"en_US","og_type":"article","og_title":"Into7PQ - Cluster Habitat Sustent\u00e1vel","og_description":"[vc_row el_class=&#8221;page-intro paleGrey&#8221;][vc_column][vc_column_text el_class=&#8221;pageTitle&#8221;] Into 7PQ [\/vc_column_text][vc_column_text el_class=&#8221;pageDescription&#8221;]Internationalization and Innovation in the Sustainable Habitat Cluster[\/vc_column_text][vc_column_text el_class=&#8221;pageBreadcrumbs&#8221;][\/vc_column_text][\/vc_column][\/vc_row][vc_row el_class=&#8221;det-projeto-imgSection&#8221;][vc_column][vc_single_image image=&#8221;2398&#8243; img_size=&#8221;full&#8221; el_class=&#8221;det-proj-mainImg&#8221;][\/vc_column][\/vc_row][vc_row el_class=&#8221;page-margins detail-middle-content&#8221;][vc_column width=&#8221;2\/12&#8243; el_class=&#8221;detail-middle-logo&#8221;][vc_single_image image=&#8221;2856&#8243; img_size=&#8221;medium&#8221; alignment=&#8221;center&#8221;][\/vc_column][vc_column width=&#8221;8\/12&#8243; el_class=&#8221;detail-middle-text&#8221;][vc_column_text el_class=&#8221;middle-special-text&#8221;]Project No.: 27357 Measure: SIAC &#8211; Sistema de Apoio a A\u00e7\u00f5es Coletivas (AAC 01\/SIAC\/2012) Geographical area of cooperation: National Project period: 01\/07\/2012 and 30\/06\/2014 Overall investment: [&hellip;]","og_url":"https:\/\/clusterhabitat.pt\/en\/projeto-territorio\/into7pq\/","og_site_name":"Cluster Habitat Sustent\u00e1vel","article_publisher":"https:\/\/www.facebook.com\/clusterhabitat","article_modified_time":"2024-04-07T11:26:13+00:00","og_image":[{"width":900,"height":704,"url":"https:\/\/clusterhabitat.pt\/wp-content\/uploads\/2024\/03\/chs_destaque-01-1.png","type":"image\/png"}],"twitter_card":"summary_large_image","twitter_site":"@ClusterHabitat","twitter_misc":{"Est. reading time":"2 minutes"},"schema":{"@context":"https:\/\/schema.org","@graph":[{"@type":"WebPage","@id":"https:\/\/clusterhabitat.pt\/en\/projeto-territorio\/into7pq\/","url":"https:\/\/clusterhabitat.pt\/en\/projeto-territorio\/into7pq\/","name":"Into7PQ - Cluster Habitat Sustent\u00e1vel","isPartOf":{"@id":"https:\/\/clusterhabitat.pt\/#website"},"primaryImageOfPage":{"@id":"https:\/\/clusterhabitat.pt\/en\/projeto-territorio\/into7pq\/#primaryimage"},"image":{"@id":"https:\/\/clusterhabitat.pt\/en\/projeto-territorio\/into7pq\/#primaryimage"},"thumbnailUrl":"https:\/\/clusterhabitat.pt\/wp-content\/uploads\/2024\/03\/chs_destaque-01-1.png","datePublished":"2024-03-12T20:18:01+00:00","dateModified":"2024-04-07T11:26:13+00:00","breadcrumb":{"@id":"https:\/\/clusterhabitat.pt\/en\/projeto-territorio\/into7pq\/#breadcrumb"},"inLanguage":"en-US","potentialAction":[{"@type":"ReadAction","target":["https:\/\/clusterhabitat.pt\/en\/projeto-territorio\/into7pq\/"]}]},{"@type":"ImageObject","inLanguage":"en-US","@id":"https:\/\/clusterhabitat.pt\/en\/projeto-territorio\/into7pq\/#primaryimage","url":"https:\/\/clusterhabitat.pt\/wp-content\/uploads\/2024\/03\/chs_destaque-01-1.png","contentUrl":"https:\/\/clusterhabitat.pt\/wp-content\/uploads\/2024\/03\/chs_destaque-01-1.png","width":900,"height":704},{"@type":"BreadcrumbList","@id":"https:\/\/clusterhabitat.pt\/en\/projeto-territorio\/into7pq\/#breadcrumb","itemListElement":[{"@type":"ListItem","position":1,"name":"In\u00edcio","item":"https:\/\/clusterhabitat.pt\/en\/"},{"@type":"ListItem","position":2,"name":"Into7PQ"}]},{"@type":"WebSite","@id":"https:\/\/clusterhabitat.pt\/#website","url":"https:\/\/clusterhabitat.pt\/","name":"Cluster Habitat Sustent\u00e1vel","description":"","publisher":{"@id":"https:\/\/clusterhabitat.pt\/#organization"},"potentialAction":[{"@type":"SearchAction","target":{"@type":"EntryPoint","urlTemplate":"https:\/\/clusterhabitat.pt\/?s={search_term_string}"},"query-input":{"@type":"PropertyValueSpecification","valueRequired":true,"valueName":"search_term_string"}}],"inLanguage":"en-US"},{"@type":"Organization","@id":"https:\/\/clusterhabitat.pt\/#organization","name":"Cluster Habitat Sustent\u00e1vel","url":"https:\/\/clusterhabitat.pt\/","logo":{"@type":"ImageObject","inLanguage":"en-US","@id":"https:\/\/clusterhabitat.pt\/#\/schema\/logo\/image\/","url":"https:\/\/clusterhabitat.pt\/wp-content\/uploads\/2024\/01\/cropped-Cluster-Logo.png","contentUrl":"https:\/\/clusterhabitat.pt\/wp-content\/uploads\/2024\/01\/cropped-Cluster-Logo.png","width":203,"height":40,"caption":"Cluster Habitat Sustent\u00e1vel"},"image":{"@id":"https:\/\/clusterhabitat.pt\/#\/schema\/logo\/image\/"},"sameAs":["https:\/\/www.facebook.com\/clusterhabitat","https:\/\/x.com\/ClusterHabitat","https:\/\/www.linkedin.com\/company\/associao-plataforma-para-a-construo-sustentvel\/"]}]}},"_links":{"self":[{"href":"https:\/\/clusterhabitat.pt\/en\/wp-json\/wp\/v2\/projeto_territorio\/4782","targetHints":{"allow":["GET"]}}],"collection":[{"href":"https:\/\/clusterhabitat.pt\/en\/wp-json\/wp\/v2\/projeto_territorio"}],"about":[{"href":"https:\/\/clusterhabitat.pt\/en\/wp-json\/wp\/v2\/types\/projeto_territorio"}],"wp:featuredmedia":[{"embeddable":true,"href":"https:\/\/clusterhabitat.pt\/en\/wp-json\/wp\/v2\/media\/2861"}],"wp:attachment":[{"href":"https:\/\/clusterhabitat.pt\/en\/wp-json\/wp\/v2\/media?parent=4782"}],"wp:term":[{"taxonomy":"periodo_projeto","embeddable":true,"href":"https:\/\/clusterhabitat.pt\/en\/wp-json\/wp\/v2\/periodo_projeto?post=4782"}],"curies":[{"name":"wp","href":"https:\/\/api.w.org\/{rel}","templated":true}]}}